{"id":1671,"date":"2022-04-13T16:03:16","date_gmt":"2022-04-13T14:03:16","guid":{"rendered":"https:\/\/la-cabane-a-farine.fr\/?page_id=1671"},"modified":"2023-11-03T17:43:35","modified_gmt":"2023-11-03T16:43:35","slug":"contact","status":"publish","type":"page","link":"https:\/\/old.la-cabane-a-farine.fr\/contact\/","title":{"rendered":"Contact"},"content":{"rendered":"\t\t<div data-elementor-type=\"wp-page\" data-elementor-id=\"1671\" class=\"elementor elementor-1671\" data-elementor-settings=\"[]\">\n\t\t\t\t\t\t<div class=\"elementor-inner\">\n\t\t\t\t\t\t\t<div class=\"elementor-section-wrap\">\n\t\t\t\t\t\t\t<section class=\"elementor-section elementor-top-section elementor-element elementor-element-6a4ef422 elementor-section-full_width elementor-section-height-min-height elementor-section-stretched elementor-section-height-default elementor-section-items-middle wpr-particle-no wpr-jarallax-no wpr-parallax-no wpr-sticky-section-no\" data-id=\"6a4ef422\" data-element_type=\"section\" data-settings=\"{&quot;stretch_section&quot;:&quot;section-stretched&quot;,&quot;background_background&quot;:&quot;classic&quot;}\">\n\t\t\t\t\t\t\t<div class=\"elementor-background-overlay\"><\/div>\n\t\t\t\t\t\t\t<div class=\"elementor-container elementor-column-gap-no\">\n\t\t\t\t\t\t\t<div class=\"elementor-row\">\n\t\t\t\t\t<div class=\"elementor-column elementor-col-100 elementor-top-column elementor-element elementor-element-44c15136\" data-id=\"44c15136\" data-element_type=\"column\">\n\t\t\t<div class=\"elementor-column-wrap elementor-element-populated\">\n\t\t\t\t\t\t\t<div class=\"elementor-widget-wrap\">\n\t\t\t\t\t\t<div class=\"elementor-element elementor-element-0b0a0e1 elementor-widget elementor-widget-image\" data-id=\"0b0a0e1\" data-element_type=\"widget\" data-widget_type=\"image.default\">\n\t\t\t\t<div class=\"elementor-widget-container\">\n\t\t\t\t\t\t\t\t<div class=\"elementor-image\">\n\t\t\t\t\t\t\t\t\t\t\t\t\t<a href=\"https:\/\/old.la-cabane-a-farine.fr\/\">\n\t\t\t\t\t\t\t<img width=\"200\" height=\"217\" src=\"https:\/\/old.la-cabane-a-farine.fr\/wp-content\/uploads\/2020\/02\/m-logo-top.png\" class=\"elementor-animation-shrink attachment-large size-large\" alt=\"logo de la cabane \u00e0 farine \u00e0 Colmar\" \/>\t\t\t\t\t\t\t\t<\/a>\n\t\t\t\t\t\t\t\t\t\t\t\t\t\t<\/div>\n\t\t\t\t\t\t<\/div>\n\t\t\t\t<\/div>\n\t\t\t\t\t\t<\/div>\n\t\t\t\t\t<\/div>\n\t\t<\/div>\n\t\t\t\t\t\t\t\t<\/div>\n\t\t\t\t\t<\/div>\n\t\t<\/section>\n\t\t\t\t<section class=\"elementor-section elementor-top-section elementor-element elementor-element-50ddb55b elementor-section-stretched elementor-section-boxed elementor-section-height-default elementor-section-height-default wpr-particle-no wpr-jarallax-no wpr-parallax-no wpr-sticky-section-no\" data-id=\"50ddb55b\" data-element_type=\"section\" id=\"ctn\" data-settings=\"{&quot;stretch_section&quot;:&quot;section-stretched&quot;,&quot;background_background&quot;:&quot;classic&quot;}\">\n\t\t\t\t\t\t<div class=\"elementor-container elementor-column-gap-default\">\n\t\t\t\t\t\t\t<div class=\"elementor-row\">\n\t\t\t\t\t<div class=\"elementor-column elementor-col-100 elementor-top-column elementor-element elementor-element-17c59c92\" data-id=\"17c59c92\" data-element_type=\"column\">\n\t\t\t<div class=\"elementor-column-wrap elementor-element-populated\">\n\t\t\t\t\t\t\t<div class=\"elementor-widget-wrap\">\n\t\t\t\t\t\t<div class=\"elementor-element elementor-element-16096618 elementor-invisible elementor-widget elementor-widget-heading\" data-id=\"16096618\" data-element_type=\"widget\" id=\"h1\" data-settings=\"{&quot;_animation&quot;:&quot;fadeInDown&quot;}\" data-widget_type=\"heading.default\">\n\t\t\t\t<div class=\"elementor-widget-container\">\n\t\t\t<h1 class=\"elementor-heading-title elementor-size-default\">Prenez contact avec La Cabane \u00e0 Farine <\/h1>\t\t<\/div>\n\t\t\t\t<\/div>\n\t\t\t\t<section class=\"elementor-section elementor-inner-section elementor-element elementor-element-627ea10 elementor-section-boxed elementor-section-height-default elementor-section-height-default wpr-particle-no wpr-jarallax-no wpr-parallax-no wpr-sticky-section-no\" data-id=\"627ea10\" data-element_type=\"section\">\n\t\t\t\t\t\t<div class=\"elementor-container elementor-column-gap-default\">\n\t\t\t\t\t\t\t<div class=\"elementor-row\">\n\t\t\t\t\t<div class=\"elementor-column elementor-col-50 elementor-inner-column elementor-element elementor-element-a528fb7\" data-id=\"a528fb7\" data-element_type=\"column\">\n\t\t\t<div class=\"elementor-column-wrap elementor-element-populated\">\n\t\t\t\t\t\t\t<div class=\"elementor-widget-wrap\">\n\t\t\t\t\t\t<div class=\"elementor-element elementor-element-c180429 elementor-widget elementor-widget-text-editor\" data-id=\"c180429\" data-element_type=\"widget\" data-widget_type=\"text-editor.default\">\n\t\t\t\t<div class=\"elementor-widget-container\">\n\t\t\t\t\t\t\t\t<div class=\"elementor-text-editor elementor-clearfix\">\n\t\t\t\t<p style=\"font-size: 14px; color: #ffffff; font-family: Poppins, sans-serif; text-align: center;\"><span style=\"font-weight: bolder; font-size: inherit;\"><u>Adresse :<\/u><\/span><\/p><p style=\"font-size: 14px; color: #ffffff; font-family: Poppins, sans-serif; text-align: center;\"><a href=\"https:\/\/www.google.fr\/maps\/place\/La+Cabane+%C3%A0+farine\/@47.9794429,7.4853751,17z\/data=!3m1!4b1!4m5!3m4!1s0x479172661662e213:0xf127997f104125ec!8m2!3d47.9794431!4d7.4875612\" style=\"transition-property: all;\">3 Rue de Wolfgantzen<\/a><\/p><p style=\"font-size: 14px; color: #ffffff; font-family: Poppins, sans-serif; text-align: center;\"><a href=\"https:\/\/www.google.fr\/maps\/place\/La+Cabane+%C3%A0+farine\/@47.9794429,7.4853751,17z\/data=!3m1!4b1!4m5!3m4!1s0x479172661662e213:0xf127997f104125ec!8m2!3d47.9794431!4d7.4875612\" style=\"transition-property: all;\">68600 Dessenheim<\/a><\/p>\t\t\t\t\t<\/div>\n\t\t\t\t\t\t<\/div>\n\t\t\t\t<\/div>\n\t\t\t\t\t\t<\/div>\n\t\t\t\t\t<\/div>\n\t\t<\/div>\n\t\t\t\t<div class=\"elementor-column elementor-col-50 elementor-inner-column elementor-element elementor-element-2b20116\" data-id=\"2b20116\" data-element_type=\"column\">\n\t\t\t<div class=\"elementor-column-wrap elementor-element-populated\">\n\t\t\t\t\t\t\t<div class=\"elementor-widget-wrap\">\n\t\t\t\t\t\t<div class=\"elementor-element elementor-element-264bcde elementor-widget elementor-widget-text-editor\" data-id=\"264bcde\" data-element_type=\"widget\" data-widget_type=\"text-editor.default\">\n\t\t\t\t<div class=\"elementor-widget-container\">\n\t\t\t\t\t\t\t\t<div class=\"elementor-text-editor elementor-clearfix\">\n\t\t\t\t<p style=\"font-size: 14px; color: #ffffff; font-family: Poppins, sans-serif; text-align: center;\"><span style=\"text-decoration-line: underline;\"><span style=\"font-weight: bolder;\">T\u00e9l\u00e9phone :<\/span><\/span><\/p><p style=\"font-size: 14px; color: #ffffff; font-family: Poppins, sans-serif; text-align: center;\"><span style=\"font-weight: bolder;\">Sylvain:\u00a0<\/span><span style=\"font-weight: bolder;\"><a href=\"tel:0689496080\" style=\"transition-property: all;\">06 89 49 60 80<\/a><\/span><\/p><p style=\"font-size: 14px; color: #ffffff; font-family: Poppins, sans-serif; text-align: center;\"><span style=\"font-weight: bolder;\">Laetitia:\u00a0<a href=\"tel:0629578025\" style=\"transition-property: all;\">06 29 57 80 25<\/a><\/span><\/p><p style=\"font-size: 14px; color: #ffffff; font-family: Poppins, sans-serif; text-align: center;\"><span style=\"font-weight: bolder;\"><span style=\"text-decoration-line: underline;\">Mail :<\/span>\u00a0<a href=\"mailto:lacabaneafarine@yahoo.fr\" style=\"transition-property: all;\">lacabaneafarine@yahoo.fr<\/a><\/span><\/p>\t\t\t\t\t<\/div>\n\t\t\t\t\t\t<\/div>\n\t\t\t\t<\/div>\n\t\t\t\t\t\t<\/div>\n\t\t\t\t\t<\/div>\n\t\t<\/div>\n\t\t\t\t\t\t\t\t<\/div>\n\t\t\t\t\t<\/div>\n\t\t<\/section>\n\t\t\t\t<div class=\"elementor-element elementor-element-0854dfb elementor-widget elementor-widget-text-editor\" data-id=\"0854dfb\" data-element_type=\"widget\" data-widget_type=\"text-editor.default\">\n\t\t\t\t<div class=\"elementor-widget-container\">\n\t\t\t\t\t\t\t\t<div class=\"elementor-text-editor elementor-clearfix\">\n\t\t\t\t<p style=\"font-size: 14px; color: #ffffff; font-family: Poppins, sans-serif; text-align: center;\"><span style=\"font-weight: bolder;\"><u>Horaires de vente directe \u00e0 la ferme :<\/u><\/span><\/p>\n<p style=\"font-size: 14px; color: #ffffff; font-family: Poppins, sans-serif; text-align: center;\">Les mardis de 16h00 \u00e0 18h30 et les samedis de 9h00 \u00e0 12h00.<\/p>\n<p style=\"font-size: 14px; color: #ffffff; font-family: Poppins, sans-serif; text-align: center;\"><br><\/p>\n<p style=\"font-size: 14px; color: #ffffff; font-family: Poppins, sans-serif; text-align: center;\">\n<\/p><p style=\"font-size: 14px; color: #ffffff; font-family: Poppins, sans-serif; text-align: center;\"><em>La Cabane \u00e0 Farine est joignable au t\u00e9l\u00e9phone du lundi au vendredi de 9h00 \u00e0 18h00.<\/em><\/p>\t\t\t\t\t<\/div>\n\t\t\t\t\t\t<\/div>\n\t\t\t\t<\/div>\n\t\t\t\t\t\t<\/div>\n\t\t\t\t\t<\/div>\n\t\t<\/div>\n\t\t\t\t\t\t\t\t<\/div>\n\t\t\t\t\t<\/div>\n\t\t<\/section>\n\t\t\t\t<section class=\"elementor-section elementor-top-section elementor-element elementor-element-14086f0a elementor-section-content-middle elementor-section-stretched elementor-section-boxed elementor-section-height-default elementor-section-height-default wpr-particle-no wpr-jarallax-no wpr-parallax-no wpr-sticky-section-no\" data-id=\"14086f0a\" data-element_type=\"section\" data-settings=\"{&quot;stretch_section&quot;:&quot;section-stretched&quot;,&quot;background_background&quot;:&quot;classic&quot;}\">\n\t\t\t\t\t\t<div class=\"elementor-container elementor-column-gap-default\">\n\t\t\t\t\t\t\t<div class=\"elementor-row\">\n\t\t\t\t\t<div class=\"elementor-column elementor-col-100 elementor-top-column elementor-element elementor-element-691a8e81\" data-id=\"691a8e81\" data-element_type=\"column\">\n\t\t\t<div class=\"elementor-column-wrap elementor-element-populated\">\n\t\t\t\t\t\t\t<div class=\"elementor-widget-wrap\">\n\t\t\t\t\t\t<div class=\"elementor-element elementor-element-1831b1e pp-contact-form-7-button-custom elementor-widget elementor-widget-pp-contact-form-7\" data-id=\"1831b1e\" data-element_type=\"widget\" data-widget_type=\"pp-contact-form-7.default\">\n\t\t\t\t<div class=\"elementor-widget-container\">\n\t\t\t                <div class=\"pp-contact-form pp-contact-form-7 placeholder-show\">\n                                        \n<div class=\"wpcf7 no-js\" id=\"wpcf7-f35-o1\" lang=\"fr-FR\" dir=\"ltr\">\n<div class=\"screen-reader-response\"><p role=\"status\" aria-live=\"polite\" aria-atomic=\"true\"><\/p> <ul><\/ul><\/div>\n<form action=\"\/nov-apijson\/wp\/v2\/pages\/1671#wpcf7-f35-o1\" method=\"post\" class=\"wpcf7-form init\" aria-label=\"Formulaire de contact\" novalidate=\"novalidate\" data-status=\"init\">\n<div style=\"display: none;\">\n<input type=\"hidden\" name=\"_wpcf7\" value=\"35\" \/>\n<input type=\"hidden\" name=\"_wpcf7_version\" value=\"5.7.7\" \/>\n<input type=\"hidden\" name=\"_wpcf7_locale\" value=\"fr_FR\" \/>\n<input type=\"hidden\" name=\"_wpcf7_unit_tag\" value=\"wpcf7-f35-o1\" \/>\n<input type=\"hidden\" name=\"_wpcf7_container_post\" value=\"0\" \/>\n<input type=\"hidden\" name=\"_wpcf7_posted_data_hash\" value=\"\" \/>\n<\/div>\n<div class=\"col-md-12\">\n\t<p><span class=\"wpcf7-form-control-wrap\" data-name=\"nom\"><input size=\"40\" class=\"wpcf7-form-control wpcf7-text wpcf7-validates-as-required\" aria-required=\"true\" aria-invalid=\"false\" placeholder=\"Nom*\" value=\"\" type=\"text\" name=\"nom\" \/><\/span>\n\t<\/p>\n<\/div>\n<div class=\"col-md-12\">\n\t<p><span class=\"wpcf7-form-control-wrap\" data-name=\"email\"><input size=\"40\" class=\"wpcf7-form-control wpcf7-text wpcf7-email wpcf7-validates-as-required wpcf7-validates-as-email\" aria-required=\"true\" aria-invalid=\"false\" placeholder=\"Email*\" value=\"\" type=\"email\" name=\"email\" \/><\/span>\n\t<\/p>\n<\/div>\n<div class=\"col-md-12\">\n\t<p><span class=\"wpcf7-form-control-wrap\" data-name=\"sujet\"><input size=\"40\" class=\"wpcf7-form-control wpcf7-text wpcf7-validates-as-required\" aria-required=\"true\" aria-invalid=\"false\" placeholder=\"Sujet*\" value=\"\" type=\"text\" name=\"sujet\" \/><\/span>\n\t<\/p>\n<\/div>\n<div class=\"col-md-12\">\n\t<p><span class=\"wpcf7-form-control-wrap\" data-name=\"message\"><textarea cols=\"40\" rows=\"10\" class=\"wpcf7-form-control wpcf7-textarea wpcf7-validates-as-required\" aria-required=\"true\" aria-invalid=\"false\" placeholder=\"Message*\" name=\"message\"><\/textarea><\/span>\n\t<\/p>\n<\/div>\n<div class=\"col-md-12\">\n\t<p><span class=\"wpcf7-form-control-wrap\" data-name=\"checkbox-979\"><span class=\"wpcf7-form-control wpcf7-checkbox wpcf7-validates-as-required\"><span class=\"wpcf7-list-item first last\"><label><input type=\"checkbox\" name=\"checkbox-979[]\" value=\"En soumettant ce formulaire, j\u2019accepte que les informations saisies soient exploit\u00e9es dans le strict cadre de ma demande.\" \/><span class=\"wpcf7-list-item-label\">En soumettant ce formulaire, j\u2019accepte que les informations saisies soient exploit\u00e9es dans le strict cadre de ma demande.<\/span><\/label><\/span><\/span><\/span>\n\t<\/p>\n<\/div>\n<div class=\"col-md-12\">\n\t<p><input class=\"wpcf7-form-control has-spinner wpcf7-submit\" type=\"submit\" value=\"Envoyer\" \/>\n\t<\/p>\n<\/div>\n<div class=\"col-md-12 ml\">\n\t<p>* Ces champs sont obligatoires\n\t<\/p>\n\t<p>Nous nous engageons \u00e0 ce que la collecte et le traitement de vos donn\u00e9es effectu\u00e9es \u00e0 partir du pr\u00e9sent site internet soit conforme \u00e0 la loi informatique et libert\u00e9s et au r\u00e8glement g\u00e9n\u00e9ral sur la protection des donn\u00e9es personnelles (RGPD). Afin d\u2019exercer vos droits, notamment d\u2019acc\u00e8s, de correction ou de retrait de vos donn\u00e9es personnelles collect\u00e9es via ce formulaire, consultez notre <a href=\"\/politique-de-confidentialite\">Politique de confidentialit\u00e9<\/a>.\n\t<\/p>\n<\/div><p style=\"display: none !important;\" class=\"akismet-fields-container\" data-prefix=\"_wpcf7_ak_\"><label>&#916;<textarea name=\"_wpcf7_ak_hp_textarea\" cols=\"45\" rows=\"8\" maxlength=\"100\"><\/textarea><\/label><input type=\"hidden\" id=\"ak_js_1\" name=\"_wpcf7_ak_js\" value=\"248\"\/><script>document.getElementById( \"ak_js_1\" ).setAttribute( \"value\", ( new Date() ).getTime() );<\/script><\/p><div class=\"wpcf7-response-output\" aria-hidden=\"true\"><\/div>\n<\/form>\n<\/div>\n                <\/div>\n                \t\t<\/div>\n\t\t\t\t<\/div>\n\t\t\t\t\t\t<\/div>\n\t\t\t\t\t<\/div>\n\t\t<\/div>\n\t\t\t\t\t\t\t\t<\/div>\n\t\t\t\t\t<\/div>\n\t\t<\/section>\n\t\t\t\t\t\t<\/div>\n\t\t\t\t\t\t<\/div>\n\t\t\t\t\t<\/div>\n\t\t","protected":false},"excerpt":{"rendered":"<p>Prenez contact avec La Cabane \u00e0 Farine Adresse : 3 Rue de Wolfgantzen 68600 Dessenheim T\u00e9l\u00e9phone : Sylvain:\u00a006 89 49 60 80 Laetitia:\u00a006 29 57 80 25 Mail :\u00a0lacabaneafarine@yahoo.fr Horaires de vente directe \u00e0 la ferme : Les mardis de 16h00 \u00e0 18h30 et les samedis de 9h00 \u00e0 12h00.<\/p>\n","protected":false},"author":27,"featured_media":0,"parent":0,"menu_order":0,"comment_status":"closed","ping_status":"closed","template":"","meta":[],"acf":[],"aioseo_notices":[],"_links":{"self":[{"href":"https:\/\/old.la-cabane-a-farine.fr\/nov-apijson\/wp\/v2\/pages\/1671"}],"collection":[{"href":"https:\/\/old.la-cabane-a-farine.fr\/nov-apijson\/wp\/v2\/pages"}],"about":[{"href":"https:\/\/old.la-cabane-a-farine.fr\/nov-apijson\/wp\/v2\/types\/page"}],"author":[{"embeddable":true,"href":"https:\/\/old.la-cabane-a-farine.fr\/nov-apijson\/wp\/v2\/users\/27"}],"replies":[{"embeddable":true,"href":"https:\/\/old.la-cabane-a-farine.fr\/nov-apijson\/wp\/v2\/comments?post=1671"}],"version-history":[{"count":49,"href":"https:\/\/old.la-cabane-a-farine.fr\/nov-apijson\/wp\/v2\/pages\/1671\/revisions"}],"predecessor-version":[{"id":3488,"href":"https:\/\/old.la-cabane-a-farine.fr\/nov-apijson\/wp\/v2\/pages\/1671\/revisions\/3488"}],"wp:attachment":[{"href":"https:\/\/old.la-cabane-a-farine.fr\/nov-apijson\/wp\/v2\/media?parent=1671"}],"curies":[{"name":"wp","href":"https:\/\/api.w.org\/{rel}","templated":true}]}}