{"id":1660,"date":"2022-04-13T15:56:25","date_gmt":"2022-04-13T13:56:25","guid":{"rendered":"https:\/\/la-cabane-a-farine.fr\/?page_id=1660"},"modified":"2024-03-25T11:22:17","modified_gmt":"2024-03-25T10:22:17","slug":"boulangerie","status":"publish","type":"page","link":"https:\/\/old.la-cabane-a-farine.fr\/boulangerie\/","title":{"rendered":"L&#8217;atelier \u00e0 pain"},"content":{"rendered":"\t\t<div data-elementor-type=\"wp-page\" data-elementor-id=\"1660\" class=\"elementor elementor-1660\" data-elementor-settings=\"[]\">\n\t\t\t\t\t\t<div class=\"elementor-inner\">\n\t\t\t\t\t\t\t<div class=\"elementor-section-wrap\">\n\t\t\t\t\t\t\t<section class=\"elementor-section elementor-top-section elementor-element elementor-element-79d92120 elementor-section-full_width elementor-section-height-min-height elementor-section-stretched elementor-section-height-default elementor-section-items-middle wpr-particle-no wpr-jarallax-no wpr-parallax-no wpr-sticky-section-no\" data-id=\"79d92120\" data-element_type=\"section\" data-settings=\"{&quot;stretch_section&quot;:&quot;section-stretched&quot;,&quot;background_background&quot;:&quot;classic&quot;}\">\n\t\t\t\t\t\t\t<div class=\"elementor-background-overlay\"><\/div>\n\t\t\t\t\t\t\t<div class=\"elementor-container elementor-column-gap-no\">\n\t\t\t\t\t\t\t<div class=\"elementor-row\">\n\t\t\t\t\t<div class=\"elementor-column elementor-col-100 elementor-top-column elementor-element elementor-element-f6d1e50\" data-id=\"f6d1e50\" data-element_type=\"column\">\n\t\t\t<div class=\"elementor-column-wrap elementor-element-populated\">\n\t\t\t\t\t\t\t<div class=\"elementor-widget-wrap\">\n\t\t\t\t\t\t<div class=\"elementor-element elementor-element-943c9f8 elementor-widget elementor-widget-image\" data-id=\"943c9f8\" data-element_type=\"widget\" data-widget_type=\"image.default\">\n\t\t\t\t<div class=\"elementor-widget-container\">\n\t\t\t\t\t\t\t\t<div class=\"elementor-image\">\n\t\t\t\t\t\t\t\t\t\t\t\t\t<a href=\"https:\/\/old.la-cabane-a-farine.fr\/\">\n\t\t\t\t\t\t\t<img width=\"200\" height=\"217\" src=\"https:\/\/old.la-cabane-a-farine.fr\/wp-content\/uploads\/2020\/02\/m-logo-top.png\" class=\"elementor-animation-shrink attachment-large size-large\" alt=\"logo de la cabane \u00e0 farine \u00e0 Colmar\" \/>\t\t\t\t\t\t\t\t<\/a>\n\t\t\t\t\t\t\t\t\t\t\t\t\t\t<\/div>\n\t\t\t\t\t\t<\/div>\n\t\t\t\t<\/div>\n\t\t\t\t\t\t<\/div>\n\t\t\t\t\t<\/div>\n\t\t<\/div>\n\t\t\t\t\t\t\t\t<\/div>\n\t\t\t\t\t<\/div>\n\t\t<\/section>\n\t\t\t\t<section class=\"elementor-section elementor-top-section elementor-element elementor-element-1972d279 elementor-section-stretched elementor-section-boxed elementor-section-height-default elementor-section-height-default wpr-particle-no wpr-jarallax-no wpr-parallax-no wpr-sticky-section-no\" data-id=\"1972d279\" data-element_type=\"section\" id=\"ctn\" data-settings=\"{&quot;stretch_section&quot;:&quot;section-stretched&quot;,&quot;background_background&quot;:&quot;classic&quot;}\">\n\t\t\t\t\t\t<div class=\"elementor-container elementor-column-gap-default\">\n\t\t\t\t\t\t\t<div class=\"elementor-row\">\n\t\t\t\t\t<div class=\"elementor-column elementor-col-100 elementor-top-column elementor-element elementor-element-1f35ab5e\" data-id=\"1f35ab5e\" data-element_type=\"column\">\n\t\t\t<div class=\"elementor-column-wrap elementor-element-populated\">\n\t\t\t\t\t\t\t<div class=\"elementor-widget-wrap\">\n\t\t\t\t\t\t<div class=\"elementor-element elementor-element-457181d6 elementor-invisible elementor-widget elementor-widget-heading\" data-id=\"457181d6\" data-element_type=\"widget\" id=\"h1\" data-settings=\"{&quot;_animation&quot;:&quot;fadeInDown&quot;}\" data-widget_type=\"heading.default\">\n\t\t\t\t<div class=\"elementor-widget-container\">\n\t\t\t<h1 class=\"elementor-heading-title elementor-size-default\">La Cabane \u00e0 Farine, PAIN FERMIER \u00e0 Dessenheim <\/h1>\t\t<\/div>\n\t\t\t\t<\/div>\n\t\t\t\t<div class=\"elementor-element elementor-element-2bafdfdc elementor-widget elementor-widget-text-editor\" data-id=\"2bafdfdc\" data-element_type=\"widget\" data-widget_type=\"text-editor.default\">\n\t\t\t\t<div class=\"elementor-widget-container\">\n\t\t\t\t\t\t\t\t<div class=\"elementor-text-editor elementor-clearfix\">\n\t\t\t\t<p>La Cabane \u00e0 Farine, c\u2019est aussi une boulangerie \u00e0 Dessenheim qui vous propose un <a href=\"https:\/\/old.la-cabane-a-farine.fr\/nos-produits\/\" target=\"_blank\" rel=\"noopener\">d\u00e9licieux pain<\/a>\u00a0en vente \u00e0 la ferme, tous les mardis apr\u00e8s-midi de 16h00 \u00e0 18h30 (uniquement sur r\u00e9servation). D\u00e9couvrez ce pain savoureux r\u00e9alis\u00e9 par votre <a href=\"https:\/\/old.la-cabane-a-farine.fr\/\"><strong>moulin \u00e0 farine dans le Haut-Rhin<\/strong><\/a> .<\/p>\t\t\t\t\t<\/div>\n\t\t\t\t\t\t<\/div>\n\t\t\t\t<\/div>\n\t\t\t\t\t\t<\/div>\n\t\t\t\t\t<\/div>\n\t\t<\/div>\n\t\t\t\t\t\t\t\t<\/div>\n\t\t\t\t\t<\/div>\n\t\t<\/section>\n\t\t\t\t<section class=\"elementor-section elementor-top-section elementor-element elementor-element-6aec022f elementor-section-content-middle elementor-section-stretched elementor-section-boxed elementor-section-height-default elementor-section-height-default wpr-particle-no wpr-jarallax-no wpr-parallax-no wpr-sticky-section-no\" data-id=\"6aec022f\" data-element_type=\"section\" data-settings=\"{&quot;stretch_section&quot;:&quot;section-stretched&quot;,&quot;background_background&quot;:&quot;classic&quot;}\">\n\t\t\t\t\t\t<div class=\"elementor-container elementor-column-gap-default\">\n\t\t\t\t\t\t\t<div class=\"elementor-row\">\n\t\t\t\t\t<div class=\"elementor-column elementor-col-50 elementor-top-column elementor-element elementor-element-6961b98b\" data-id=\"6961b98b\" data-element_type=\"column\">\n\t\t\t<div class=\"elementor-column-wrap elementor-element-populated\">\n\t\t\t\t\t\t\t<div class=\"elementor-widget-wrap\">\n\t\t\t\t\t\t<div class=\"elementor-element elementor-element-5f643534 elementor-widget elementor-widget-image\" data-id=\"5f643534\" data-element_type=\"widget\" data-widget_type=\"image.default\">\n\t\t\t\t<div class=\"elementor-widget-container\">\n\t\t\t\t\t\t\t\t<div class=\"elementor-image\">\n\t\t\t\t\t\t\t\t\t\t\t\t<img width=\"750\" height=\"866\" src=\"https:\/\/old.la-cabane-a-farine.fr\/wp-content\/uploads\/2022\/10\/Pain-nature-et-aux-cereales-coupe-sur-une-planche-redimentionne-768x887.jpg\" class=\"attachment-medium_large size-medium_large\" alt=\"\" srcset=\"https:\/\/old.la-cabane-a-farine.fr\/wp-content\/uploads\/2022\/10\/Pain-nature-et-aux-cereales-coupe-sur-une-planche-redimentionne-768x887.jpg 768w, https:\/\/old.la-cabane-a-farine.fr\/wp-content\/uploads\/2022\/10\/Pain-nature-et-aux-cereales-coupe-sur-une-planche-redimentionne-260x300.jpg 260w, https:\/\/old.la-cabane-a-farine.fr\/wp-content\/uploads\/2022\/10\/Pain-nature-et-aux-cereales-coupe-sur-une-planche-redimentionne-600x693.jpg 600w, https:\/\/old.la-cabane-a-farine.fr\/wp-content\/uploads\/2022\/10\/Pain-nature-et-aux-cereales-coupe-sur-une-planche-redimentionne.jpg 866w\" sizes=\"(max-width: 750px) 100vw, 750px\" \/>\t\t\t\t\t\t\t\t\t\t\t\t\t\t<\/div>\n\t\t\t\t\t\t<\/div>\n\t\t\t\t<\/div>\n\t\t\t\t\t\t<\/div>\n\t\t\t\t\t<\/div>\n\t\t<\/div>\n\t\t\t\t<div class=\"elementor-column elementor-col-50 elementor-top-column elementor-element elementor-element-555d4d1a\" data-id=\"555d4d1a\" data-element_type=\"column\">\n\t\t\t<div class=\"elementor-column-wrap elementor-element-populated\">\n\t\t\t\t\t\t\t<div class=\"elementor-widget-wrap\">\n\t\t\t\t\t\t<div class=\"elementor-element elementor-element-29a9b3d0 elementor-invisible elementor-widget elementor-widget-heading\" data-id=\"29a9b3d0\" data-element_type=\"widget\" data-settings=\"{&quot;_animation&quot;:&quot;fadeInDown&quot;}\" data-widget_type=\"heading.default\">\n\t\t\t\t<div class=\"elementor-widget-container\">\n\t\t\t<h2 class=\"elementor-heading-title elementor-size-default\">Commande de pain<\/h2>\t\t<\/div>\n\t\t\t\t<\/div>\n\t\t\t\t<div class=\"elementor-element elementor-element-6db766b0 elementor-widget elementor-widget-text-editor\" data-id=\"6db766b0\" data-element_type=\"widget\" data-widget_type=\"text-editor.default\">\n\t\t\t\t<div class=\"elementor-widget-container\">\n\t\t\t\t\t\t\t\t<div class=\"elementor-text-editor elementor-clearfix\">\n\t\t\t\t<p>La Cabane \u00e0 Farine est \u00e9galement une boulangerie \u00e0 Dessenheim qui vous donne la possibilit\u00e9 de commander un savoureux <a href=\"https:\/\/old.la-cabane-a-farine.fr\/nos-produits\/\" target=\"_blank\" rel=\"noopener\"><strong>pain<\/strong><\/a>, \u00e9labor\u00e9 \u00e0 partir de farine moulue \u00e0 la meule de pierre sur l\u2019exploitation, ce qui vous garantit un pain d\u00e9licieux et <strong>riche en nutriments<\/strong>.<\/p><p>Le pain de la Cabane \u00e0 Farine est uniquement disponible sur r\u00e9servation. La vente de pain se fait \u00e0 la ferme <strong>tous les mardis apr\u00e8s-midi\u00a0<\/strong>de 16h00 \u00e0 18h30<span style=\"font-size: inherit;\">. Notez que la <\/span><span style=\"font-size: inherit; text-decoration-line: underline;\">date limite de commande est le samedi \u00e0 12h00<\/span><span style=\"font-size: inherit;\">.<\/span><\/p><p>Chaque dernier vendredi du mois, nous avons le plaisir de participer au <a href=\"https:\/\/old.la-cabane-a-farine.fr\/points-de-vente\/\" target=\"_blank\" rel=\"noopener\">march\u00e9 de Blodelsheim<\/a> et d&#8217;y<span style=\"font-size: inherit;\">\u00a0vendre notre pain.<\/span><\/p>\t\t\t\t\t<\/div>\n\t\t\t\t\t\t<\/div>\n\t\t\t\t<\/div>\n\t\t\t\t\t\t<\/div>\n\t\t\t\t\t<\/div>\n\t\t<\/div>\n\t\t\t\t\t\t\t\t<\/div>\n\t\t\t\t\t<\/div>\n\t\t<\/section>\n\t\t\t\t<section class=\"elementor-section elementor-top-section elementor-element elementor-element-1d5901db elementor-section-stretched elementor-section-boxed elementor-section-height-default elementor-section-height-default wpr-particle-no wpr-jarallax-no wpr-parallax-no wpr-sticky-section-no\" data-id=\"1d5901db\" data-element_type=\"section\" data-settings=\"{&quot;stretch_section&quot;:&quot;section-stretched&quot;,&quot;background_background&quot;:&quot;classic&quot;}\">\n\t\t\t\t\t\t<div class=\"elementor-container elementor-column-gap-default\">\n\t\t\t\t\t\t\t<div class=\"elementor-row\">\n\t\t\t\t\t<div class=\"elementor-column elementor-col-100 elementor-top-column elementor-element elementor-element-793c009c\" data-id=\"793c009c\" data-element_type=\"column\">\n\t\t\t<div class=\"elementor-column-wrap elementor-element-populated\">\n\t\t\t\t\t\t\t<div class=\"elementor-widget-wrap\">\n\t\t\t\t\t\t<div class=\"elementor-element elementor-element-66a594be elementor-widget-divider--view-line elementor-invisible elementor-widget elementor-widget-divider\" data-id=\"66a594be\" data-element_type=\"widget\" data-settings=\"{&quot;_animation&quot;:&quot;fadeInLeft&quot;}\" data-widget_type=\"divider.default\">\n\t\t\t\t<div class=\"elementor-widget-container\">\n\t\t\t\t\t<div class=\"elementor-divider\">\n\t\t\t<span class=\"elementor-divider-separator\">\n\t\t\t\t\t\t<\/span>\n\t\t<\/div>\n\t\t\t\t<\/div>\n\t\t\t\t<\/div>\n\t\t\t\t<section class=\"elementor-section elementor-inner-section elementor-element elementor-element-31f746bb elementor-section-boxed elementor-section-height-default elementor-section-height-default wpr-particle-no wpr-jarallax-no wpr-parallax-no wpr-sticky-section-no\" data-id=\"31f746bb\" data-element_type=\"section\">\n\t\t\t\t\t\t<div class=\"elementor-container elementor-column-gap-default\">\n\t\t\t\t\t\t\t<div class=\"elementor-row\">\n\t\t\t\t\t<div class=\"elementor-column elementor-col-100 elementor-inner-column elementor-element elementor-element-650b29cc\" data-id=\"650b29cc\" data-element_type=\"column\">\n\t\t\t<div class=\"elementor-column-wrap elementor-element-populated\">\n\t\t\t\t\t\t\t<div class=\"elementor-widget-wrap\">\n\t\t\t\t\t\t<div class=\"elementor-element elementor-element-d571946 elementor-widget elementor-widget-text-editor\" data-id=\"d571946\" data-element_type=\"widget\" data-widget_type=\"text-editor.default\">\n\t\t\t\t<div class=\"elementor-widget-container\">\n\t\t\t\t\t\t\t\t<div class=\"elementor-text-editor elementor-clearfix\">\n\t\t\t\t<p>N\u2019h\u00e9sitez pas \u00e0 <a href=\"https:\/\/old.la-cabane-a-farine.fr\/contact\/\"><strong>contacter<\/strong> <\/a>La Cabane \u00e0 Farine en appelant le<a href=\"tel: 0629578025\"><strong> 06 29 57 80 25<\/strong>\u00a0<\/a>pour r\u00e9server votre pain.<\/p>\t\t\t\t\t<\/div>\n\t\t\t\t\t\t<\/div>\n\t\t\t\t<\/div>\n\t\t\t\t<div class=\"elementor-element elementor-element-2f84b94 elementor-widget-divider--view-line elementor-invisible elementor-widget elementor-widget-divider\" data-id=\"2f84b94\" data-element_type=\"widget\" data-settings=\"{&quot;_animation&quot;:&quot;fadeInLeft&quot;}\" data-widget_type=\"divider.default\">\n\t\t\t\t<div class=\"elementor-widget-container\">\n\t\t\t\t\t<div class=\"elementor-divider\">\n\t\t\t<span class=\"elementor-divider-separator\">\n\t\t\t\t\t\t<\/span>\n\t\t<\/div>\n\t\t\t\t<\/div>\n\t\t\t\t<\/div>\n\t\t\t\t\t\t<\/div>\n\t\t\t\t\t<\/div>\n\t\t<\/div>\n\t\t\t\t\t\t\t\t<\/div>\n\t\t\t\t\t<\/div>\n\t\t<\/section>\n\t\t\t\t\t\t<\/div>\n\t\t\t\t\t<\/div>\n\t\t<\/div>\n\t\t\t\t\t\t\t\t<\/div>\n\t\t\t\t\t<\/div>\n\t\t<\/section>\n\t\t\t\t<section class=\"elementor-section elementor-top-section elementor-element elementor-element-a302c6e elementor-section-boxed elementor-section-height-default elementor-section-height-default wpr-particle-no wpr-jarallax-no wpr-parallax-no wpr-sticky-section-no\" data-id=\"a302c6e\" data-element_type=\"section\">\n\t\t\t\t\t\t<div class=\"elementor-container elementor-column-gap-default\">\n\t\t\t\t\t\t\t<div class=\"elementor-row\">\n\t\t\t\t\t<div class=\"elementor-column elementor-col-100 elementor-top-column elementor-element elementor-element-5d8cbe8\" data-id=\"5d8cbe8\" data-element_type=\"column\">\n\t\t\t<div class=\"elementor-column-wrap\">\n\t\t\t\t\t\t\t<div class=\"elementor-widget-wrap\">\n\t\t\t\t\t\t\t\t<\/div>\n\t\t\t\t\t<\/div>\n\t\t<\/div>\n\t\t\t\t\t\t\t\t<\/div>\n\t\t\t\t\t<\/div>\n\t\t<\/section>\n\t\t\t\t\t\t<\/div>\n\t\t\t\t\t\t<\/div>\n\t\t\t\t\t<\/div>\n\t\t","protected":false},"excerpt":{"rendered":"<p>La Cabane \u00e0 Farine, PAIN FERMIER \u00e0 Dessenheim La Cabane \u00e0 Farine, c\u2019est aussi une boulangerie \u00e0 Dessenheim qui vous propose un d\u00e9licieux pain\u00a0en vente \u00e0 la ferme, tous les mardis apr\u00e8s-midi de 16h00 \u00e0 18h30 (uniquement sur r\u00e9servation). D\u00e9couvrez ce pain savoureux r\u00e9alis\u00e9 par votre moulin \u00e0 farine dans<\/p>\n","protected":false},"author":27,"featured_media":0,"parent":0,"menu_order":0,"comment_status":"closed","ping_status":"closed","template":"","meta":[],"acf":[],"aioseo_notices":[],"_links":{"self":[{"href":"https:\/\/old.la-cabane-a-farine.fr\/nov-apijson\/wp\/v2\/pages\/1660"}],"collection":[{"href":"https:\/\/old.la-cabane-a-farine.fr\/nov-apijson\/wp\/v2\/pages"}],"about":[{"href":"https:\/\/old.la-cabane-a-farine.fr\/nov-apijson\/wp\/v2\/types\/page"}],"author":[{"embeddable":true,"href":"https:\/\/old.la-cabane-a-farine.fr\/nov-apijson\/wp\/v2\/users\/27"}],"replies":[{"embeddable":true,"href":"https:\/\/old.la-cabane-a-farine.fr\/nov-apijson\/wp\/v2\/comments?post=1660"}],"version-history":[{"count":62,"href":"https:\/\/old.la-cabane-a-farine.fr\/nov-apijson\/wp\/v2\/pages\/1660\/revisions"}],"predecessor-version":[{"id":3524,"href":"https:\/\/old.la-cabane-a-farine.fr\/nov-apijson\/wp\/v2\/pages\/1660\/revisions\/3524"}],"wp:attachment":[{"href":"https:\/\/old.la-cabane-a-farine.fr\/nov-apijson\/wp\/v2\/media?parent=1660"}],"curies":[{"name":"wp","href":"https:\/\/api.w.org\/{rel}","templated":true}]}}