{"id":1617,"date":"2022-04-13T15:41:29","date_gmt":"2022-04-13T13:41:29","guid":{"rendered":"https:\/\/la-cabane-a-farine.fr\/?page_id=1617"},"modified":"2023-03-22T16:03:45","modified_gmt":"2023-03-22T15:03:45","slug":"ferme","status":"publish","type":"page","link":"https:\/\/old.la-cabane-a-farine.fr\/ferme\/","title":{"rendered":"Nos cultures"},"content":{"rendered":"\t\t<div data-elementor-type=\"wp-page\" data-elementor-id=\"1617\" class=\"elementor elementor-1617\" data-elementor-settings=\"[]\">\n\t\t\t\t\t\t<div class=\"elementor-inner\">\n\t\t\t\t\t\t\t<div class=\"elementor-section-wrap\">\n\t\t\t\t\t\t\t<section class=\"elementor-section elementor-top-section elementor-element elementor-element-bef21c7 elementor-section-full_width elementor-section-stretched elementor-section-height-default elementor-section-height-default wpr-particle-no wpr-jarallax-no wpr-parallax-no wpr-sticky-section-no\" data-id=\"bef21c7\" data-element_type=\"section\" data-settings=\"{&quot;stretch_section&quot;:&quot;section-stretched&quot;,&quot;background_background&quot;:&quot;slideshow&quot;,&quot;background_slideshow_gallery&quot;:[{&quot;id&quot;:2838,&quot;url&quot;:&quot;https:\\\/\\\/old.la-cabane-a-farine.fr\\\/wp-content\\\/uploads\\\/2022\\\/10\\\/champs-ciel-bleu-redimentionne-diapo.jpg&quot;},{&quot;id&quot;:2839,&quot;url&quot;:&quot;https:\\\/\\\/old.la-cabane-a-farine.fr\\\/wp-content\\\/uploads\\\/2022\\\/10\\\/moisonneuse-redimentionne-diapo.jpg&quot;},{&quot;id&quot;:2840,&quot;url&quot;:&quot;https:\\\/\\\/old.la-cabane-a-farine.fr\\\/wp-content\\\/uploads\\\/2022\\\/10\\\/moisonneuse-Sylvain-redimentionne-diapo.jpg&quot;}],&quot;background_slideshow_loop&quot;:&quot;yes&quot;,&quot;background_slideshow_slide_duration&quot;:5000,&quot;background_slideshow_slide_transition&quot;:&quot;fade&quot;,&quot;background_slideshow_transition_duration&quot;:500}\">\n\t\t\t\t\t\t\t<div class=\"elementor-background-overlay\"><\/div>\n\t\t\t\t\t\t\t<div class=\"elementor-container elementor-column-gap-no\">\n\t\t\t\t\t\t\t<div class=\"elementor-row\">\n\t\t\t\t\t<div class=\"elementor-column elementor-col-100 elementor-top-column elementor-element elementor-element-4c151fd0\" data-id=\"4c151fd0\" data-element_type=\"column\">\n\t\t\t<div class=\"elementor-column-wrap elementor-element-populated\">\n\t\t\t\t\t\t\t<div class=\"elementor-widget-wrap\">\n\t\t\t\t\t\t<div class=\"elementor-element elementor-element-fcf27ae elementor-widget elementor-widget-image\" data-id=\"fcf27ae\" data-element_type=\"widget\" data-widget_type=\"image.default\">\n\t\t\t\t<div class=\"elementor-widget-container\">\n\t\t\t\t\t\t\t\t<div class=\"elementor-image\">\n\t\t\t\t\t\t\t\t\t\t\t\t\t<a href=\"https:\/\/old.la-cabane-a-farine.fr\/\">\n\t\t\t\t\t\t\t<img width=\"200\" height=\"217\" src=\"https:\/\/old.la-cabane-a-farine.fr\/wp-content\/uploads\/2020\/02\/m-logo-top.png\" class=\"elementor-animation-shrink attachment-large size-large\" alt=\"logo de la cabane \u00e0 farine \u00e0 Colmar\" \/>\t\t\t\t\t\t\t\t<\/a>\n\t\t\t\t\t\t\t\t\t\t\t\t\t\t<\/div>\n\t\t\t\t\t\t<\/div>\n\t\t\t\t<\/div>\n\t\t\t\t\t\t<\/div>\n\t\t\t\t\t<\/div>\n\t\t<\/div>\n\t\t\t\t\t\t\t\t<\/div>\n\t\t\t\t\t<\/div>\n\t\t<\/section>\n\t\t\t\t<section class=\"elementor-section elementor-top-section elementor-element elementor-element-6fc1da5f elementor-section-stretched elementor-section-boxed elementor-section-height-default elementor-section-height-default wpr-particle-no wpr-jarallax-no wpr-parallax-no wpr-sticky-section-no\" data-id=\"6fc1da5f\" data-element_type=\"section\" id=\"ctn\" data-settings=\"{&quot;stretch_section&quot;:&quot;section-stretched&quot;,&quot;background_background&quot;:&quot;classic&quot;}\">\n\t\t\t\t\t\t<div class=\"elementor-container elementor-column-gap-default\">\n\t\t\t\t\t\t\t<div class=\"elementor-row\">\n\t\t\t\t\t<div class=\"elementor-column elementor-col-100 elementor-top-column elementor-element elementor-element-4e2edd2f\" data-id=\"4e2edd2f\" data-element_type=\"column\">\n\t\t\t<div class=\"elementor-column-wrap elementor-element-populated\">\n\t\t\t\t\t\t\t<div class=\"elementor-widget-wrap\">\n\t\t\t\t\t\t<div class=\"elementor-element elementor-element-583c6ac4 elementor-invisible elementor-widget elementor-widget-heading\" data-id=\"583c6ac4\" data-element_type=\"widget\" id=\"h1\" data-settings=\"{&quot;_animation&quot;:&quot;fadeInDown&quot;}\" data-widget_type=\"heading.default\">\n\t\t\t\t<div class=\"elementor-widget-container\">\n\t\t\t<h1 class=\"elementor-heading-title elementor-size-default\">D\u00e9couvrez les cultures de votre ferme \u00e0 Dessenheim <\/h1>\t\t<\/div>\n\t\t\t\t<\/div>\n\t\t\t\t<div class=\"elementor-element elementor-element-398c618 elementor-widget elementor-widget-text-editor\" data-id=\"398c618\" data-element_type=\"widget\" data-widget_type=\"text-editor.default\">\n\t\t\t\t<div class=\"elementor-widget-container\">\n\t\t\t\t\t\t\t\t<div class=\"elementor-text-editor elementor-clearfix\">\n\t\t\t\t<p>La Cabane \u00e0 Farine est une ferme familiale situ\u00e9e \u00e0 Dessenheim qui cultive des c\u00e9r\u00e9ales, (bl\u00e9 tendre, bl\u00e9 dur, grand \u00e9peautre non-hybrid\u00e9, ma\u00efs et\u00a0<span style=\"font-size: inherit;\">soja).\u00a0<\/span><\/p><p><span style=\"font-size: inherit;\">Sur les 46 hectares de cultures, une partie du bl\u00e9 et de l\u2019\u00e9peautre est destin\u00e9e \u00e0 la <\/span><a href=\"https:\/\/old.la-cabane-a-farine.fr\/nos-produits\/\" target=\"_blank\" rel=\"noopener\" style=\"font-size: inherit; background-color: #ad001b;\">transformation<\/a><span style=\"font-size: inherit;\">.<\/span><\/p>\t\t\t\t\t<\/div>\n\t\t\t\t\t\t<\/div>\n\t\t\t\t<\/div>\n\t\t\t\t\t\t<\/div>\n\t\t\t\t\t<\/div>\n\t\t<\/div>\n\t\t\t\t\t\t\t\t<\/div>\n\t\t\t\t\t<\/div>\n\t\t<\/section>\n\t\t\t\t<section class=\"elementor-section elementor-top-section elementor-element elementor-element-26f16b48 elementor-section-content-middle elementor-section-stretched elementor-section-boxed elementor-section-height-default elementor-section-height-default wpr-particle-no wpr-jarallax-no wpr-parallax-no wpr-sticky-section-no\" data-id=\"26f16b48\" data-element_type=\"section\" data-settings=\"{&quot;stretch_section&quot;:&quot;section-stretched&quot;,&quot;background_background&quot;:&quot;classic&quot;}\">\n\t\t\t\t\t\t<div class=\"elementor-container elementor-column-gap-default\">\n\t\t\t\t\t\t\t<div class=\"elementor-row\">\n\t\t\t\t\t<div class=\"elementor-column elementor-col-50 elementor-top-column elementor-element elementor-element-7358f95a\" data-id=\"7358f95a\" data-element_type=\"column\">\n\t\t\t<div class=\"elementor-column-wrap elementor-element-populated\">\n\t\t\t\t\t\t\t<div class=\"elementor-widget-wrap\">\n\t\t\t\t\t\t<div class=\"elementor-element elementor-element-f11d53b elementor-widget elementor-widget-image\" data-id=\"f11d53b\" data-element_type=\"widget\" data-widget_type=\"image.default\">\n\t\t\t\t<div class=\"elementor-widget-container\">\n\t\t\t\t\t\t\t\t<div class=\"elementor-image\">\n\t\t\t\t\t\t\t\t\t\t\t\t<img width=\"700\" height=\"600\" src=\"https:\/\/old.la-cabane-a-farine.fr\/wp-content\/uploads\/2022\/04\/1.jpg\" class=\"attachment-full size-full\" alt=\"\" srcset=\"https:\/\/old.la-cabane-a-farine.fr\/wp-content\/uploads\/2022\/04\/1.jpg 700w, https:\/\/old.la-cabane-a-farine.fr\/wp-content\/uploads\/2022\/04\/1-600x514.jpg 600w, https:\/\/old.la-cabane-a-farine.fr\/wp-content\/uploads\/2022\/04\/1-300x257.jpg 300w\" sizes=\"(max-width: 700px) 100vw, 700px\" \/>\t\t\t\t\t\t\t\t\t\t\t\t\t\t<\/div>\n\t\t\t\t\t\t<\/div>\n\t\t\t\t<\/div>\n\t\t\t\t\t\t<\/div>\n\t\t\t\t\t<\/div>\n\t\t<\/div>\n\t\t\t\t<div class=\"elementor-column elementor-col-50 elementor-top-column elementor-element elementor-element-383c8ee5\" data-id=\"383c8ee5\" data-element_type=\"column\">\n\t\t\t<div class=\"elementor-column-wrap elementor-element-populated\">\n\t\t\t\t\t\t\t<div class=\"elementor-widget-wrap\">\n\t\t\t\t\t\t<div class=\"elementor-element elementor-element-559bcec1 elementor-invisible elementor-widget elementor-widget-heading\" data-id=\"559bcec1\" data-element_type=\"widget\" data-settings=\"{&quot;_animation&quot;:&quot;fadeInDown&quot;}\" data-widget_type=\"heading.default\">\n\t\t\t\t<div class=\"elementor-widget-container\">\n\t\t\t<h2 class=\"elementor-heading-title elementor-size-default\">Exploitation labellis\u00e9e Haute Valeur Environnementale (HVE)<\/h2>\t\t<\/div>\n\t\t\t\t<\/div>\n\t\t\t\t<div class=\"elementor-element elementor-element-c2192b2 elementor-widget elementor-widget-text-editor\" data-id=\"c2192b2\" data-element_type=\"widget\" data-widget_type=\"text-editor.default\">\n\t\t\t\t<div class=\"elementor-widget-container\">\n\t\t\t\t\t\t\t\t<div class=\"elementor-text-editor elementor-clearfix\">\n\t\t\t\t<p>Depuis maintenant plusieurs g\u00e9n\u00e9rations, <a href=\"https:\/\/old.la-cabane-a-farine.fr\/contact\/\" target=\"_blank\" rel=\"noopener\">La Cabane \u00e0 Farine<\/a>, ferme install\u00e9e \u00e0 Dessenheim, \u00e0 proximit\u00e9 de Wintzenheim, Wittenheim et Ensisheim, cultive 46 hectares de bl\u00e9 tendre, de grand \u00e9peautre (non-hybrid\u00e9), de bl\u00e9 dur, de ma\u00efs et de soja, en rotation culturale et selon une <strong>d\u00e9marche responsable et respectueuse de la nature<\/strong>, de l\u2019environnement et des bonnes pratiques agricoles.<\/p><p><span style=\"font-size: inherit;\">Dans un soucis d\u2019\u00e9volution et de diversification, La Cabane \u00e0 Farine cultive, depuis 2016, du bl\u00e9 dur pour proposer une vari\u00e9t\u00e9 de<\/span><a href=\"https:\/\/old.la-cabane-a-farine.fr\/produit\/pates-fermieres-aux-oeufs\/\" target=\"_blank\" rel=\"noopener\" style=\"font-size: inherit; background-color: #ffffff;\"> p\u00e2tes aux \u0153ufs<\/a><span style=\"font-size: inherit;\">, en partenariat avec un \u00e9leveur de volailles en agriculture biologique de la r\u00e9gion.<\/span><\/p><p>A La Cabane \u00e0 Farine, le contr\u00f4le de la <strong>qualit\u00e9 des <a href=\"https:\/\/old.la-cabane-a-farine.fr\/nos-produits\/\" target=\"_blank\" rel=\"noopener\">produits<\/a> <\/strong>et du mode de production est au centre des pr\u00e9occupations. C\u2019est la raison pour laquelle l\u2019exploitation familiale a adh\u00e9r\u00e9 au r\u00e9seau <a href=\"https:\/\/www.bienvenue-a-la-ferme.com\/grandest\/haut-rhin\/dessenheim\/ferme\/la-cabane-a-farine\/229364?lieu=Dessenheim+-+68600+%2528Haut-Rhin%2529&amp;lieu_id=33144&amp;lieu_distance=25&amp;chez_le_producteur=&amp;magasin=&amp;point_retrait=&amp;marche=&amp;callback_url=https%3A%2F%2Fwww.bienvenue-a-la-ferme.com%2Frecherche%2Fproduits-fermiers%2F2651&amp;callback_zone_geo=apca&amp;moteur=produits-fermiers&amp;id_moteur=2651&amp;view=1\" target=\"_blank\" rel=\"noopener\"><strong>Bienvenue \u00e0 la Ferme.<\/strong><\/a><\/p><p><\/p>\t\t\t\t\t<\/div>\n\t\t\t\t\t\t<\/div>\n\t\t\t\t<\/div>\n\t\t\t\t\t\t<\/div>\n\t\t\t\t\t<\/div>\n\t\t<\/div>\n\t\t\t\t\t\t\t\t<\/div>\n\t\t\t\t\t<\/div>\n\t\t<\/section>\n\t\t\t\t<section class=\"elementor-section elementor-top-section elementor-element elementor-element-0554b4d elementor-section-boxed elementor-section-height-default elementor-section-height-default wpr-particle-no wpr-jarallax-no wpr-parallax-no wpr-sticky-section-no\" data-id=\"0554b4d\" data-element_type=\"section\">\n\t\t\t\t\t\t<div class=\"elementor-container elementor-column-gap-default\">\n\t\t\t\t\t\t\t<div class=\"elementor-row\">\n\t\t\t\t\t<div class=\"elementor-column elementor-col-50 elementor-top-column elementor-element elementor-element-2d78468\" data-id=\"2d78468\" data-element_type=\"column\">\n\t\t\t<div class=\"elementor-column-wrap elementor-element-populated\">\n\t\t\t\t\t\t\t<div class=\"elementor-widget-wrap\">\n\t\t\t\t\t\t<div class=\"elementor-element elementor-element-4a97331 elementor-widget elementor-widget-image\" data-id=\"4a97331\" data-element_type=\"widget\" data-widget_type=\"image.default\">\n\t\t\t\t<div class=\"elementor-widget-container\">\n\t\t\t\t\t\t\t\t<div class=\"elementor-image\">\n\t\t\t\t\t\t\t\t\t\t\t\t<img width=\"160\" height=\"159\" src=\"https:\/\/old.la-cabane-a-farine.fr\/wp-content\/uploads\/2022\/04\/logo.png\" class=\"attachment-large size-large\" alt=\"\" srcset=\"https:\/\/old.la-cabane-a-farine.fr\/wp-content\/uploads\/2022\/04\/logo.png 160w, https:\/\/old.la-cabane-a-farine.fr\/wp-content\/uploads\/2022\/04\/logo-150x150.png 150w\" sizes=\"(max-width: 160px) 100vw, 160px\" \/>\t\t\t\t\t\t\t\t\t\t\t\t\t\t<\/div>\n\t\t\t\t\t\t<\/div>\n\t\t\t\t<\/div>\n\t\t\t\t\t\t<\/div>\n\t\t\t\t\t<\/div>\n\t\t<\/div>\n\t\t\t\t<div class=\"elementor-column elementor-col-50 elementor-top-column elementor-element elementor-element-e33681f\" data-id=\"e33681f\" data-element_type=\"column\">\n\t\t\t<div class=\"elementor-column-wrap elementor-element-populated\">\n\t\t\t\t\t\t\t<div class=\"elementor-widget-wrap\">\n\t\t\t\t\t\t<div class=\"elementor-element elementor-element-d53707e elementor-widget elementor-widget-image\" data-id=\"d53707e\" data-element_type=\"widget\" data-widget_type=\"image.default\">\n\t\t\t\t<div class=\"elementor-widget-container\">\n\t\t\t\t\t\t\t\t<div class=\"elementor-image\">\n\t\t\t\t\t\t\t\t\t\t\t\t<img width=\"160\" height=\"159\" src=\"https:\/\/old.la-cabane-a-farine.fr\/wp-content\/uploads\/2022\/04\/logo1-1.png\" class=\"attachment-large size-large\" alt=\"\" srcset=\"https:\/\/old.la-cabane-a-farine.fr\/wp-content\/uploads\/2022\/04\/logo1-1.png 160w, https:\/\/old.la-cabane-a-farine.fr\/wp-content\/uploads\/2022\/04\/logo1-1-150x150.png 150w\" sizes=\"(max-width: 160px) 100vw, 160px\" \/>\t\t\t\t\t\t\t\t\t\t\t\t\t\t<\/div>\n\t\t\t\t\t\t<\/div>\n\t\t\t\t<\/div>\n\t\t\t\t\t\t<\/div>\n\t\t\t\t\t<\/div>\n\t\t<\/div>\n\t\t\t\t\t\t\t\t<\/div>\n\t\t\t\t\t<\/div>\n\t\t<\/section>\n\t\t\t\t<section class=\"elementor-section elementor-top-section elementor-element elementor-element-5c3170cf elementor-section-content-middle elementor-section-stretched elementor-section-boxed elementor-section-height-default elementor-section-height-default wpr-particle-no wpr-jarallax-no wpr-parallax-no wpr-sticky-section-no\" data-id=\"5c3170cf\" data-element_type=\"section\" data-settings=\"{&quot;stretch_section&quot;:&quot;section-stretched&quot;,&quot;background_background&quot;:&quot;classic&quot;}\">\n\t\t\t\t\t\t<div class=\"elementor-container elementor-column-gap-default\">\n\t\t\t\t\t\t\t<div class=\"elementor-row\">\n\t\t\t\t\t<div class=\"elementor-column elementor-col-50 elementor-top-column elementor-element elementor-element-4db1bf99\" data-id=\"4db1bf99\" data-element_type=\"column\">\n\t\t\t<div class=\"elementor-column-wrap elementor-element-populated\">\n\t\t\t\t\t\t\t<div class=\"elementor-widget-wrap\">\n\t\t\t\t\t\t<div class=\"elementor-element elementor-element-a3983df elementor-widget elementor-widget-text-editor\" data-id=\"a3983df\" data-element_type=\"widget\" data-widget_type=\"text-editor.default\">\n\t\t\t\t<div class=\"elementor-widget-container\">\n\t\t\t\t\t\t\t\t<div class=\"elementor-text-editor elementor-clearfix\">\n\t\t\t\t<p>Soucieux de r\u00e9duire notre impact sur l\u2019environnement, nous mettons un point d\u2019honneur \u00e0 nous inscrire dans une <strong>d\u00e9marche responsable et respectueuse de la nature<\/strong>. Cette d\u00e9marche qui s\u2019appuie sur une vision responsable de l\u2019agriculture a permis \u00e0 <a href=\"https:\/\/old.la-cabane-a-farine.fr\/contact\/\" target=\"_blank\" rel=\"noopener\">La Cabane \u00e0 Farine<\/a> d\u2019obtenir la <a href=\"https:\/\/hve-asso.com\/\" target=\"_blank\" rel=\"noopener\"><strong>certification HVE<\/strong> (Haute Valeur Environnementale)<\/a>, le niveau le plus exigeant de certification environnementale des exploitations agricoles.<\/p>\n<p>Envie de d\u00e9couvrir l\u2019exploitation agricole de plus pr\u00e8s ? Nous nous ferons un plaisir de vous accueillir pour une visite de l\u2019exploitation agricole, durant laquelle vous aurez l\u2019occasion de d\u00e9couvrir les techniques de transformation artisanale, dans une ambiance conviviale et chaleureuse.<\/p>\t\t\t\t\t<\/div>\n\t\t\t\t\t\t<\/div>\n\t\t\t\t<\/div>\n\t\t\t\t\t\t<\/div>\n\t\t\t\t\t<\/div>\n\t\t<\/div>\n\t\t\t\t<div class=\"elementor-column elementor-col-50 elementor-top-column elementor-element elementor-element-2d86aec2\" data-id=\"2d86aec2\" data-element_type=\"column\">\n\t\t\t<div class=\"elementor-column-wrap elementor-element-populated\">\n\t\t\t\t\t\t\t<div class=\"elementor-widget-wrap\">\n\t\t\t\t\t\t<div class=\"elementor-element elementor-element-1829247d elementor-widget elementor-widget-image\" data-id=\"1829247d\" data-element_type=\"widget\" data-widget_type=\"image.default\">\n\t\t\t\t<div class=\"elementor-widget-container\">\n\t\t\t\t\t\t\t\t<div class=\"elementor-image\">\n\t\t\t\t\t\t\t\t\t\t\t\t<img width=\"1500\" height=\"944\" src=\"https:\/\/old.la-cabane-a-farine.fr\/wp-content\/uploads\/2022\/10\/champs-coquelicots-redimentionne.jpg\" class=\"attachment-full size-full\" alt=\"\" srcset=\"https:\/\/old.la-cabane-a-farine.fr\/wp-content\/uploads\/2022\/10\/champs-coquelicots-redimentionne.jpg 1500w, https:\/\/old.la-cabane-a-farine.fr\/wp-content\/uploads\/2022\/10\/champs-coquelicots-redimentionne-300x189.jpg 300w, https:\/\/old.la-cabane-a-farine.fr\/wp-content\/uploads\/2022\/10\/champs-coquelicots-redimentionne-1024x644.jpg 1024w, https:\/\/old.la-cabane-a-farine.fr\/wp-content\/uploads\/2022\/10\/champs-coquelicots-redimentionne-768x483.jpg 768w, https:\/\/old.la-cabane-a-farine.fr\/wp-content\/uploads\/2022\/10\/champs-coquelicots-redimentionne-1320x831.jpg 1320w, https:\/\/old.la-cabane-a-farine.fr\/wp-content\/uploads\/2022\/10\/champs-coquelicots-redimentionne-600x378.jpg 600w\" sizes=\"(max-width: 1500px) 100vw, 1500px\" \/>\t\t\t\t\t\t\t\t\t\t\t\t\t\t<\/div>\n\t\t\t\t\t\t<\/div>\n\t\t\t\t<\/div>\n\t\t\t\t\t\t<\/div>\n\t\t\t\t\t<\/div>\n\t\t<\/div>\n\t\t\t\t\t\t\t\t<\/div>\n\t\t\t\t\t<\/div>\n\t\t<\/section>\n\t\t\t\t<section class=\"elementor-section elementor-top-section elementor-element elementor-element-6050de5d elementor-section-stretched elementor-section-boxed elementor-section-height-default elementor-section-height-default wpr-particle-no wpr-jarallax-no wpr-parallax-no wpr-sticky-section-no\" data-id=\"6050de5d\" data-element_type=\"section\" data-settings=\"{&quot;stretch_section&quot;:&quot;section-stretched&quot;,&quot;background_background&quot;:&quot;classic&quot;}\">\n\t\t\t\t\t\t<div class=\"elementor-container elementor-column-gap-default\">\n\t\t\t\t\t\t\t<div class=\"elementor-row\">\n\t\t\t\t\t<div class=\"elementor-column elementor-col-100 elementor-top-column elementor-element elementor-element-60a93095\" data-id=\"60a93095\" data-element_type=\"column\">\n\t\t\t<div class=\"elementor-column-wrap elementor-element-populated\">\n\t\t\t\t\t\t\t<div class=\"elementor-widget-wrap\">\n\t\t\t\t\t\t<div class=\"elementor-element elementor-element-62cca994 elementor-widget-divider--view-line elementor-invisible elementor-widget elementor-widget-divider\" data-id=\"62cca994\" data-element_type=\"widget\" data-settings=\"{&quot;_animation&quot;:&quot;fadeInLeft&quot;}\" data-widget_type=\"divider.default\">\n\t\t\t\t<div class=\"elementor-widget-container\">\n\t\t\t\t\t<div class=\"elementor-divider\">\n\t\t\t<span class=\"elementor-divider-separator\">\n\t\t\t\t\t\t<\/span>\n\t\t<\/div>\n\t\t\t\t<\/div>\n\t\t\t\t<\/div>\n\t\t\t\t<section class=\"elementor-section elementor-inner-section elementor-element elementor-element-236a27d2 elementor-section-boxed elementor-section-height-default elementor-section-height-default wpr-particle-no wpr-jarallax-no wpr-parallax-no wpr-sticky-section-no\" data-id=\"236a27d2\" data-element_type=\"section\">\n\t\t\t\t\t\t<div class=\"elementor-container elementor-column-gap-default\">\n\t\t\t\t\t\t\t<div class=\"elementor-row\">\n\t\t\t\t\t<div class=\"elementor-column elementor-col-100 elementor-inner-column elementor-element elementor-element-3647f6ef\" data-id=\"3647f6ef\" data-element_type=\"column\">\n\t\t\t<div class=\"elementor-column-wrap elementor-element-populated\">\n\t\t\t\t\t\t\t<div class=\"elementor-widget-wrap\">\n\t\t\t\t\t\t<div class=\"elementor-element elementor-element-505fe4ec elementor-widget elementor-widget-text-editor\" data-id=\"505fe4ec\" data-element_type=\"widget\" data-widget_type=\"text-editor.default\">\n\t\t\t\t<div class=\"elementor-widget-container\">\n\t\t\t\t\t\t\t\t<div class=\"elementor-text-editor elementor-clearfix\">\n\t\t\t\t<p>Envie de prendre rendez-vous pour visiter l\u2019exploitation ? N\u2019h\u00e9sitez pas \u00e0<a href=\"https:\/\/old.la-cabane-a-farine.fr\/contact\/\"><strong> contacter<\/strong> <\/a>La Cabane<br \/>\u00e0 Farine en appelant le <strong><a href=\"tel:0689496080\">06 89 49 60 80<\/a> ou le <a href=\"tel:0629578025\">06 29 57 80 25<\/a>.<\/strong><\/p>\t\t\t\t\t<\/div>\n\t\t\t\t\t\t<\/div>\n\t\t\t\t<\/div>\n\t\t\t\t<div class=\"elementor-element elementor-element-c6188ed elementor-widget-divider--view-line elementor-invisible elementor-widget elementor-widget-divider\" data-id=\"c6188ed\" data-element_type=\"widget\" data-settings=\"{&quot;_animation&quot;:&quot;fadeInLeft&quot;}\" data-widget_type=\"divider.default\">\n\t\t\t\t<div class=\"elementor-widget-container\">\n\t\t\t\t\t<div class=\"elementor-divider\">\n\t\t\t<span class=\"elementor-divider-separator\">\n\t\t\t\t\t\t<\/span>\n\t\t<\/div>\n\t\t\t\t<\/div>\n\t\t\t\t<\/div>\n\t\t\t\t\t\t<\/div>\n\t\t\t\t\t<\/div>\n\t\t<\/div>\n\t\t\t\t\t\t\t\t<\/div>\n\t\t\t\t\t<\/div>\n\t\t<\/section>\n\t\t\t\t\t\t<\/div>\n\t\t\t\t\t<\/div>\n\t\t<\/div>\n\t\t\t\t\t\t\t\t<\/div>\n\t\t\t\t\t<\/div>\n\t\t<\/section>\n\t\t\t\t\t\t<\/div>\n\t\t\t\t\t\t<\/div>\n\t\t\t\t\t<\/div>\n\t\t","protected":false},"excerpt":{"rendered":"<p>D\u00e9couvrez les cultures de votre ferme \u00e0 Dessenheim La Cabane \u00e0 Farine est une ferme familiale situ\u00e9e \u00e0 Dessenheim qui cultive des c\u00e9r\u00e9ales, (bl\u00e9 tendre, bl\u00e9 dur, grand \u00e9peautre non-hybrid\u00e9, ma\u00efs et\u00a0soja).\u00a0 Sur les 46 hectares de cultures, une partie du bl\u00e9 et de l\u2019\u00e9peautre est destin\u00e9e \u00e0 la transformation.<\/p>\n","protected":false},"author":27,"featured_media":0,"parent":0,"menu_order":0,"comment_status":"closed","ping_status":"closed","template":"","meta":[],"acf":[],"aioseo_notices":[],"_links":{"self":[{"href":"https:\/\/old.la-cabane-a-farine.fr\/nov-apijson\/wp\/v2\/pages\/1617"}],"collection":[{"href":"https:\/\/old.la-cabane-a-farine.fr\/nov-apijson\/wp\/v2\/pages"}],"about":[{"href":"https:\/\/old.la-cabane-a-farine.fr\/nov-apijson\/wp\/v2\/types\/page"}],"author":[{"embeddable":true,"href":"https:\/\/old.la-cabane-a-farine.fr\/nov-apijson\/wp\/v2\/users\/27"}],"replies":[{"embeddable":true,"href":"https:\/\/old.la-cabane-a-farine.fr\/nov-apijson\/wp\/v2\/comments?post=1617"}],"version-history":[{"count":96,"href":"https:\/\/old.la-cabane-a-farine.fr\/nov-apijson\/wp\/v2\/pages\/1617\/revisions"}],"predecessor-version":[{"id":3287,"href":"https:\/\/old.la-cabane-a-farine.fr\/nov-apijson\/wp\/v2\/pages\/1617\/revisions\/3287"}],"wp:attachment":[{"href":"https:\/\/old.la-cabane-a-farine.fr\/nov-apijson\/wp\/v2\/media?parent=1617"}],"curies":[{"name":"wp","href":"https:\/\/api.w.org\/{rel}","templated":true}]}}