{"id":1615,"date":"2022-04-13T15:40:58","date_gmt":"2022-04-13T13:40:58","guid":{"rendered":"https:\/\/la-cabane-a-farine.fr\/?page_id=1615"},"modified":"2025-01-15T10:50:19","modified_gmt":"2025-01-15T09:50:19","slug":"accueil","status":"publish","type":"page","link":"https:\/\/old.la-cabane-a-farine.fr\/","title":{"rendered":"Accueil"},"content":{"rendered":"\t\t<div data-elementor-type=\"wp-page\" data-elementor-id=\"1615\" class=\"elementor elementor-1615\" data-elementor-settings=\"[]\">\n\t\t\t\t\t\t<div class=\"elementor-inner\">\n\t\t\t\t\t\t\t<div class=\"elementor-section-wrap\">\n\t\t\t\t\t\t\t<section class=\"elementor-section elementor-top-section elementor-element elementor-element-19243125 elementor-section-stretched elementor-section-height-min-height elementor-section-boxed elementor-section-height-default elementor-section-items-middle wpr-particle-no wpr-jarallax-no wpr-parallax-no wpr-sticky-section-no\" data-id=\"19243125\" data-element_type=\"section\" data-settings=\"{&quot;stretch_section&quot;:&quot;section-stretched&quot;,&quot;background_background&quot;:&quot;slideshow&quot;,&quot;background_slideshow_gallery&quot;:[{&quot;id&quot;:2846,&quot;url&quot;:&quot;https:\\\/\\\/old.la-cabane-a-farine.fr\\\/wp-content\\\/uploads\\\/2022\\\/10\\\/sylvain_champs-redimentionne-diapo.jpg&quot;},{&quot;id&quot;:2845,&quot;url&quot;:&quot;https:\\\/\\\/old.la-cabane-a-farine.fr\\\/wp-content\\\/uploads\\\/2022\\\/10\\\/La-cabane-a-farine-redimentionne-diapo.jpg&quot;},{&quot;id&quot;:2844,&quot;url&quot;:&quot;https:\\\/\\\/old.la-cabane-a-farine.fr\\\/wp-content\\\/uploads\\\/2022\\\/10\\\/champs-redimentionne-diapo-1.jpg&quot;}],&quot;background_slideshow_loop&quot;:&quot;yes&quot;,&quot;background_slideshow_slide_duration&quot;:5000,&quot;background_slideshow_slide_transition&quot;:&quot;fade&quot;,&quot;background_slideshow_transition_duration&quot;:500}\">\n\t\t\t\t\t\t\t<div class=\"elementor-background-overlay\"><\/div>\n\t\t\t\t\t\t\t<div class=\"elementor-container elementor-column-gap-no\">\n\t\t\t\t\t\t\t<div class=\"elementor-row\">\n\t\t\t\t\t<div class=\"elementor-column elementor-col-100 elementor-top-column elementor-element elementor-element-5c140916\" data-id=\"5c140916\" data-element_type=\"column\">\n\t\t\t<div class=\"elementor-column-wrap elementor-element-populated\">\n\t\t\t\t\t\t\t<div class=\"elementor-widget-wrap\">\n\t\t\t\t\t\t<div class=\"elementor-element elementor-element-6c45400 elementor-widget elementor-widget-image\" data-id=\"6c45400\" data-element_type=\"widget\" data-widget_type=\"image.default\">\n\t\t\t\t<div class=\"elementor-widget-container\">\n\t\t\t\t\t\t\t\t<div class=\"elementor-image\">\n\t\t\t\t\t\t\t\t\t\t\t\t\t<a href=\"https:\/\/old.la-cabane-a-farine.fr\/\">\n\t\t\t\t\t\t\t<img width=\"200\" height=\"217\" src=\"https:\/\/old.la-cabane-a-farine.fr\/wp-content\/uploads\/2020\/02\/m-logo-top.png\" class=\"elementor-animation-shrink attachment-large size-large\" alt=\"logo de la cabane \u00e0 farine \u00e0 Colmar\" \/>\t\t\t\t\t\t\t\t<\/a>\n\t\t\t\t\t\t\t\t\t\t\t\t\t\t<\/div>\n\t\t\t\t\t\t<\/div>\n\t\t\t\t<\/div>\n\t\t\t\t<div class=\"elementor-element elementor-element-3c59317d elementor-widget elementor-widget-text-editor\" data-id=\"3c59317d\" data-element_type=\"widget\" data-widget_type=\"text-editor.default\">\n\t\t\t\t<div class=\"elementor-widget-container\">\n\t\t\t\t\t\t\t\t<div class=\"elementor-text-editor elementor-clearfix\">\n\t\t\t\t<p>Culture et transformation du bl\u00e9 en Alsace<\/p><p>Des champs \u00e0 l&#8217;assiette<\/p>\t\t\t\t\t<\/div>\n\t\t\t\t\t\t<\/div>\n\t\t\t\t<\/div>\n\t\t\t\t<div class=\"elementor-element elementor-element-45bef31b elementor-align-center elementor-widget elementor-widget-button\" data-id=\"45bef31b\" data-element_type=\"widget\" data-widget_type=\"button.default\">\n\t\t\t\t<div class=\"elementor-widget-container\">\n\t\t\t\t\t<div class=\"elementor-button-wrapper\">\n\t\t\t<a href=\"https:\/\/old.la-cabane-a-farine.fr\/contact\/\" class=\"elementor-button-link elementor-button elementor-size-sm elementor-animation-shrink\" role=\"button\">\n\t\t\t\t\t\t<span class=\"elementor-button-content-wrapper\">\n\t\t\t\t\t\t<span class=\"elementor-button-icon elementor-align-icon-right\">\n\t\t\t\t<i aria-hidden=\"true\" class=\"fas fa-angle-double-right\"><\/i>\t\t\t<\/span>\n\t\t\t\t\t\t<span class=\"elementor-button-text\">Contactez-nous<\/span>\n\t\t<\/span>\n\t\t\t\t\t<\/a>\n\t\t<\/div>\n\t\t\t\t<\/div>\n\t\t\t\t<\/div>\n\t\t\t\t\t\t<\/div>\n\t\t\t\t\t<\/div>\n\t\t<\/div>\n\t\t\t\t\t\t\t\t<\/div>\n\t\t\t\t\t<\/div>\n\t\t<\/section>\n\t\t\t\t<section class=\"elementor-section elementor-top-section elementor-element elementor-element-4bb6b2c elementor-section-boxed elementor-section-height-default elementor-section-height-default wpr-particle-no wpr-jarallax-no wpr-parallax-no wpr-sticky-section-no\" data-id=\"4bb6b2c\" data-element_type=\"section\">\n\t\t\t\t\t\t<div class=\"elementor-container elementor-column-gap-default\">\n\t\t\t\t\t\t\t<div class=\"elementor-row\">\n\t\t\t\t\t<div class=\"elementor-column elementor-col-50 elementor-top-column elementor-element elementor-element-0c6c85f\" data-id=\"0c6c85f\" data-element_type=\"column\">\n\t\t\t<div class=\"elementor-column-wrap\">\n\t\t\t\t\t\t\t<div class=\"elementor-widget-wrap\">\n\t\t\t\t\t\t\t\t<\/div>\n\t\t\t\t\t<\/div>\n\t\t<\/div>\n\t\t\t\t<div class=\"elementor-column elementor-col-50 elementor-top-column elementor-element elementor-element-84717c3\" data-id=\"84717c3\" data-element_type=\"column\">\n\t\t\t<div class=\"elementor-column-wrap elementor-element-populated\">\n\t\t\t\t\t\t\t<div class=\"elementor-widget-wrap\">\n\t\t\t\t\t\t<section class=\"elementor-section elementor-inner-section elementor-element elementor-element-375f4b9 elementor-section-boxed elementor-section-height-default elementor-section-height-default wpr-particle-no wpr-jarallax-no wpr-parallax-no wpr-sticky-section-no\" data-id=\"375f4b9\" data-element_type=\"section\">\n\t\t\t\t\t\t<div class=\"elementor-container elementor-column-gap-default\">\n\t\t\t\t\t\t\t<div class=\"elementor-row\">\n\t\t\t\t\t<div class=\"elementor-column elementor-col-50 elementor-inner-column elementor-element elementor-element-8067e3f\" data-id=\"8067e3f\" data-element_type=\"column\">\n\t\t\t<div class=\"elementor-column-wrap elementor-element-populated\">\n\t\t\t\t\t\t\t<div class=\"elementor-widget-wrap\">\n\t\t\t\t\t\t<div class=\"elementor-element elementor-element-c22ac38 elementor-widget elementor-widget-image\" data-id=\"c22ac38\" data-element_type=\"widget\" data-widget_type=\"image.default\">\n\t\t\t\t<div class=\"elementor-widget-container\">\n\t\t\t\t\t\t\t\t<div class=\"elementor-image\">\n\t\t\t\t\t\t\t\t\t\t\t\t<img width=\"160\" height=\"159\" src=\"https:\/\/old.la-cabane-a-farine.fr\/wp-content\/uploads\/2022\/04\/logo1-1.png\" class=\"attachment-large size-large\" alt=\"\" srcset=\"https:\/\/old.la-cabane-a-farine.fr\/wp-content\/uploads\/2022\/04\/logo1-1.png 160w, https:\/\/old.la-cabane-a-farine.fr\/wp-content\/uploads\/2022\/04\/logo1-1-150x150.png 150w\" sizes=\"(max-width: 160px) 100vw, 160px\" \/>\t\t\t\t\t\t\t\t\t\t\t\t\t\t<\/div>\n\t\t\t\t\t\t<\/div>\n\t\t\t\t<\/div>\n\t\t\t\t\t\t<\/div>\n\t\t\t\t\t<\/div>\n\t\t<\/div>\n\t\t\t\t<div class=\"elementor-column elementor-col-50 elementor-inner-column elementor-element elementor-element-8cc4c6b\" data-id=\"8cc4c6b\" data-element_type=\"column\">\n\t\t\t<div class=\"elementor-column-wrap elementor-element-populated\">\n\t\t\t\t\t\t\t<div class=\"elementor-widget-wrap\">\n\t\t\t\t\t\t<div class=\"elementor-element elementor-element-285feb2 elementor-widget elementor-widget-image\" data-id=\"285feb2\" data-element_type=\"widget\" data-widget_type=\"image.default\">\n\t\t\t\t<div class=\"elementor-widget-container\">\n\t\t\t\t\t\t\t\t<div class=\"elementor-image\">\n\t\t\t\t\t\t\t\t\t\t\t\t<img width=\"160\" height=\"159\" src=\"https:\/\/old.la-cabane-a-farine.fr\/wp-content\/uploads\/2022\/04\/logo.png\" class=\"attachment-large size-large\" alt=\"\" srcset=\"https:\/\/old.la-cabane-a-farine.fr\/wp-content\/uploads\/2022\/04\/logo.png 160w, https:\/\/old.la-cabane-a-farine.fr\/wp-content\/uploads\/2022\/04\/logo-150x150.png 150w\" sizes=\"(max-width: 160px) 100vw, 160px\" \/>\t\t\t\t\t\t\t\t\t\t\t\t\t\t<\/div>\n\t\t\t\t\t\t<\/div>\n\t\t\t\t<\/div>\n\t\t\t\t\t\t<\/div>\n\t\t\t\t\t<\/div>\n\t\t<\/div>\n\t\t\t\t\t\t\t\t<\/div>\n\t\t\t\t\t<\/div>\n\t\t<\/section>\n\t\t\t\t\t\t<\/div>\n\t\t\t\t\t<\/div>\n\t\t<\/div>\n\t\t\t\t\t\t\t\t<\/div>\n\t\t\t\t\t<\/div>\n\t\t<\/section>\n\t\t\t\t<section class=\"elementor-section elementor-top-section elementor-element elementor-element-eae0a70 elementor-section-boxed elementor-section-height-default elementor-section-height-default wpr-particle-no wpr-jarallax-no wpr-parallax-no wpr-sticky-section-no\" data-id=\"eae0a70\" data-element_type=\"section\">\n\t\t\t\t\t\t<div class=\"elementor-container elementor-column-gap-default\">\n\t\t\t\t\t\t\t<div class=\"elementor-row\">\n\t\t\t\t\t<div class=\"elementor-column elementor-col-100 elementor-top-column elementor-element elementor-element-6de8865\" data-id=\"6de8865\" data-element_type=\"column\">\n\t\t\t<div class=\"elementor-column-wrap elementor-element-populated\">\n\t\t\t\t\t\t\t<div class=\"elementor-widget-wrap\">\n\t\t\t\t\t\t<div class=\"elementor-element elementor-element-03edae6 elementor-widget elementor-widget-text-editor\" data-id=\"03edae6\" data-element_type=\"widget\" data-settings=\"{&quot;_animation&quot;:&quot;none&quot;}\" data-widget_type=\"text-editor.default\">\n\t\t\t\t<div class=\"elementor-widget-container\">\n\t\t\t\t\t\t\t\t<div class=\"elementor-text-editor elementor-clearfix\">\n\t\t\t\t<p style=\"text-align: center;\"><a href=\"https:\/\/old.la-cabane-a-farine.fr\/nos-produits\/\" target=\"_blank\" rel=\"noopener\"><span>NOS PRODUITS SONT DISPONIBLES POUR LES PARTICULIERS\u00a0<\/span><span>ET LES PROFESSIONNELS<\/span><\/a><\/p>\t\t\t\t\t<\/div>\n\t\t\t\t\t\t<\/div>\n\t\t\t\t<\/div>\n\t\t\t\t\t\t<\/div>\n\t\t\t\t\t<\/div>\n\t\t<\/div>\n\t\t\t\t\t\t\t\t<\/div>\n\t\t\t\t\t<\/div>\n\t\t<\/section>\n\t\t\t\t<section class=\"elementor-section elementor-top-section elementor-element elementor-element-1a09f34d elementor-section-stretched elementor-section-boxed elementor-section-height-default elementor-section-height-default wpr-particle-no wpr-jarallax-no wpr-parallax-no wpr-sticky-section-no\" data-id=\"1a09f34d\" data-element_type=\"section\" data-settings=\"{&quot;stretch_section&quot;:&quot;section-stretched&quot;,&quot;background_background&quot;:&quot;classic&quot;}\">\n\t\t\t\t\t\t\t<div class=\"elementor-background-overlay\"><\/div>\n\t\t\t\t\t\t\t<div class=\"elementor-container elementor-column-gap-default\">\n\t\t\t\t\t\t\t<div class=\"elementor-row\">\n\t\t\t\t\t<div class=\"elementor-column elementor-col-100 elementor-top-column elementor-element elementor-element-1616ba72\" data-id=\"1616ba72\" data-element_type=\"column\">\n\t\t\t<div class=\"elementor-column-wrap elementor-element-populated\">\n\t\t\t\t\t\t\t<div class=\"elementor-widget-wrap\">\n\t\t\t\t\t\t<div class=\"elementor-element elementor-element-3f4816c8 elementor-invisible elementor-widget elementor-widget-heading\" data-id=\"3f4816c8\" data-element_type=\"widget\" data-settings=\"{&quot;_animation&quot;:&quot;fadeInDown&quot;}\" data-widget_type=\"heading.default\">\n\t\t\t\t<div class=\"elementor-widget-container\">\n\t\t\t<h1 class=\"elementor-heading-title elementor-size-default\">Moulin \u00e0 farine dans le Haut-Rhin en Alsace<\/h1>\t\t<\/div>\n\t\t\t\t<\/div>\n\t\t\t\t<section class=\"elementor-section elementor-inner-section elementor-element elementor-element-270c85a2 elementor-section-boxed elementor-section-height-default elementor-section-height-default wpr-particle-no wpr-jarallax-no wpr-parallax-no wpr-sticky-section-no\" data-id=\"270c85a2\" data-element_type=\"section\">\n\t\t\t\t\t\t<div class=\"elementor-container elementor-column-gap-default\">\n\t\t\t\t\t\t\t<div class=\"elementor-row\">\n\t\t\t\t\t<div class=\"elementor-column elementor-col-50 elementor-inner-column elementor-element elementor-element-69985d0f\" data-id=\"69985d0f\" data-element_type=\"column\">\n\t\t\t<div class=\"elementor-column-wrap elementor-element-populated\">\n\t\t\t\t\t\t\t<div class=\"elementor-widget-wrap\">\n\t\t\t\t\t\t<div class=\"elementor-element elementor-element-919d8c1 elementor-widget elementor-widget-text-editor\" data-id=\"919d8c1\" data-element_type=\"widget\" data-widget_type=\"text-editor.default\">\n\t\t\t\t<div class=\"elementor-widget-container\">\n\t\t\t\t\t\t\t\t<div class=\"elementor-text-editor elementor-clearfix\">\n\t\t\t\t<p>Depuis plusieurs g\u00e9n\u00e9rations l\u2019exploitation familiale cultive des c\u00e9r\u00e9ales, en rotation culturale sur 46 hectares de terres (bl\u00e9 (bl\u00e9 tendre et bl\u00e9 dur), grand \u00e9peautre (non-hybrid\u00e9 &#8211; vari\u00e9t\u00e9 Ebners Rotkorn), soja et ma\u00efs)<\/p><p><span style=\"font-size: inherit;\">La cabane \u00e0 farine travaille selon une\u00a0<\/span><span style=\"font-size: inherit; font-weight: bolder;\">d\u00e9marche responsable et respectueuse de la nature, de l\u2019environnement<\/span><span style=\"font-size: inherit;\">, mais \u00e9galement selon de bonnes pratiques agricoles.<\/span><\/p><p>Sp\u00e9cialis\u00e9e dans la fabrication de <a href=\"https:\/\/old.la-cabane-a-farine.fr\/minoterie\/\" target=\"_blank\" rel=\"noopener\">farine<\/a> dans le Haut-Rhin, <a href=\"https:\/\/old.la-cabane-a-farine.fr\/contact\/\" target=\"_blank\" rel=\"noopener\">La Cabane \u00e0 Farine<\/a> est situ\u00e9e \u00e0 16 km de Colmar, entre Neuf-Brisach et Ensisheim.\u00a0<\/p><p>Plus pr\u00e9cis\u00e9ment, l\u2019exploitation est sp\u00e9cialis\u00e9e dans <a href=\"https:\/\/old.la-cabane-a-farine.fr\/ferme\/\" target=\"_blank\" rel=\"noopener\">la culture et la transformation de bl\u00e9 tendre, de bl\u00e9 dur et d&#8217;\u00e9peautre<\/a> en <a href=\"https:\/\/old.la-cabane-a-farine.fr\/nos-produits\/\" target=\"_blank\" rel=\"noopener\">farine, p\u00e2tes, pain au levain, g\u00e2teaux, ..<\/a>.<\/p><p style=\"text-align: justify;\"><\/p>\t\t\t\t\t<\/div>\n\t\t\t\t\t\t<\/div>\n\t\t\t\t<\/div>\n\t\t\t\t\t\t<\/div>\n\t\t\t\t\t<\/div>\n\t\t<\/div>\n\t\t\t\t<div class=\"elementor-column elementor-col-50 elementor-inner-column elementor-element elementor-element-9111bf4\" data-id=\"9111bf4\" data-element_type=\"column\">\n\t\t\t<div class=\"elementor-column-wrap elementor-element-populated\">\n\t\t\t\t\t\t\t<div class=\"elementor-widget-wrap\">\n\t\t\t\t\t\t<div class=\"elementor-element elementor-element-1da8b5ce elementor-widget elementor-widget-text-editor\" data-id=\"1da8b5ce\" data-element_type=\"widget\" data-widget_type=\"text-editor.default\">\n\t\t\t\t<div class=\"elementor-widget-container\">\n\t\t\t\t\t\t\t\t<div class=\"elementor-text-editor elementor-clearfix\">\n\t\t\t\t<p style=\"text-align: justify;\"><span style=\"font-size: inherit;\">Nous avons adh\u00e9r\u00e9 au\u00a0<\/span>r\u00e9seau <strong style=\"font-size: inherit;\"><a href=\"https:\/\/www.bienvenue-a-la-ferme.com\/grandest\/haut-rhin\/dessenheim\/ferme\/la-cabane-a-farine\/229364?lieu=Dessenheim+-+68600+%2528Haut-Rhin%2529&amp;lieu_id=33144&amp;lieu_distance=25&amp;chez_le_producteur=&amp;magasin=&amp;point_retrait=&amp;marche=&amp;callback_url=https%3A%2F%2Fwww.bienvenue-a-la-ferme.com%2Frecherche%2Fproduits-fermiers%2F2651&amp;callback_zone_geo=apca&amp;moteur=produits-fermiers&amp;id_moteur=2651&amp;view=1\" target=\"_blank\" rel=\"noopener\">Bienvenue \u00e0 la ferme<\/a>,\u00a0\u00a0<\/strong><span style=\"font-size: inherit;\">pour contr\u00f4ler la<\/span><strong style=\"font-size: inherit;\">\u00a0qualit\u00e9\u00a0<\/strong><span style=\"font-size: inherit;\">de nos produits et de notre mode de production.<\/span><\/p><p style=\"text-align: justify;\">Soucieux de r\u00e9duire notre impact sur l&#8217;environnement, nous mettons \u00e0 c\u0153ur de nous inscrire dans une d\u00e9marche responsable et respectueuse de la nature. Cette vision de l&#8217;agriculture nous a permis d&#8217;obtenir au mois de juin 2021 la <a href=\"https:\/\/hve-asso.com\/\" target=\"_blank\" rel=\"noopener\"><b>certification HVE<\/b><\/a> (Haute Valeur Environnementale), le niveau le plus exigeant de certification environnementale des exploitations agricoles.<\/p>\t\t\t\t\t<\/div>\n\t\t\t\t\t\t<\/div>\n\t\t\t\t<\/div>\n\t\t\t\t\t\t<\/div>\n\t\t\t\t\t<\/div>\n\t\t<\/div>\n\t\t\t\t\t\t\t\t<\/div>\n\t\t\t\t\t<\/div>\n\t\t<\/section>\n\t\t\t\t\t\t<\/div>\n\t\t\t\t\t<\/div>\n\t\t<\/div>\n\t\t\t\t\t\t\t\t<\/div>\n\t\t\t\t\t<\/div>\n\t\t<\/section>\n\t\t\t\t<section class=\"elementor-section elementor-top-section elementor-element elementor-element-1347cf0 elementor-section-boxed elementor-section-height-default elementor-section-height-default wpr-particle-no wpr-jarallax-no wpr-parallax-no wpr-sticky-section-no\" data-id=\"1347cf0\" data-element_type=\"section\">\n\t\t\t\t\t\t<div class=\"elementor-container elementor-column-gap-default\">\n\t\t\t\t\t\t\t<div class=\"elementor-row\">\n\t\t\t\t\t<div class=\"elementor-column elementor-col-100 elementor-top-column elementor-element elementor-element-2e62149\" data-id=\"2e62149\" data-element_type=\"column\">\n\t\t\t<div class=\"elementor-column-wrap\">\n\t\t\t\t\t\t\t<div class=\"elementor-widget-wrap\">\n\t\t\t\t\t\t\t\t<\/div>\n\t\t\t\t\t<\/div>\n\t\t<\/div>\n\t\t\t\t\t\t\t\t<\/div>\n\t\t\t\t\t<\/div>\n\t\t<\/section>\n\t\t\t\t<section class=\"elementor-section elementor-top-section elementor-element elementor-element-a72825a elementor-section-height-min-height elementor-section-stretched elementor-section-full_width elementor-section-height-default elementor-section-items-middle wpr-particle-no wpr-jarallax-no wpr-parallax-no wpr-sticky-section-no\" data-id=\"a72825a\" data-element_type=\"section\" data-settings=\"{&quot;stretch_section&quot;:&quot;section-stretched&quot;,&quot;background_background&quot;:&quot;classic&quot;}\">\n\t\t\t\t\t\t<div class=\"elementor-container elementor-column-gap-default\">\n\t\t\t\t\t\t\t<div class=\"elementor-row\">\n\t\t\t\t\t<div class=\"elementor-column elementor-col-50 elementor-top-column elementor-element elementor-element-9e5cd6e\" data-id=\"9e5cd6e\" data-element_type=\"column\">\n\t\t\t<div class=\"elementor-column-wrap elementor-element-populated\">\n\t\t\t\t\t\t\t<div class=\"elementor-widget-wrap\">\n\t\t\t\t\t\t<div class=\"elementor-element elementor-element-c2da769 wpr-advanced-text-style-highlighted wpr-animated-text-infinite-yes elementor-widget elementor-widget-wpr-advanced-text\" data-id=\"c2da769\" data-element_type=\"widget\" data-settings=\"{&quot;anim_loop&quot;:&quot;yes&quot;}\" data-widget_type=\"wpr-advanced-text.default\">\n\t\t\t\t<div class=\"elementor-widget-container\">\n\t\t\t\n\t\t<h3 class=\"wpr-advanced-text\">\n\n\t\t\t\t\t\n\t\t\t\n\t\t<span class=\"wpr-highlighted-text\">\n\t\t\t\t\t\n\t\t\t<span class=\"wpr-highlighted-text-inner\">La Cabane \u00e0 Farine<\/span>\n\n\t\t\t<svg xmlns=\"http:\/\/www.w3.org\/2000\/svg\" viewBox=\"0 0 500 150\" class=\"wpr-highlight-curly\" preserveAspectRatio=\"none\">\n\t\t\t\t\t\t\t\t<path d=\"M1.15,18C64.07,44.13,108.42,1.4,169.63,3.1,182.11,3.76,191.39,6.58,201,10c71.41,33.39,112-8.7,188.65-7,35.22,1.74,69.81,22.6,103,17\"><\/path>\n\t\t\t\t\t\t\t<\/svg>\n\t\t\t\t\t<\/span>\n\t\t\t\t\n\t\t<\/h3>\n\t\t\n\t\t\t\t<\/div>\n\t\t\t\t<\/div>\n\t\t\t\t<div class=\"elementor-element elementor-element-e7b7d11 elementor-widget elementor-widget-text-editor\" data-id=\"e7b7d11\" data-element_type=\"widget\" data-widget_type=\"text-editor.default\">\n\t\t\t\t<div class=\"elementor-widget-container\">\n\t\t\t\t\t\t\t\t<div class=\"elementor-text-editor elementor-clearfix\">\n\t\t\t\t<p><span>Au fil des ann\u00e9es, la culture de bl\u00e9 tendre est devenue une v\u00e9ritable passion. Ce qui nous a conduit \u00e0 nous diversifier, notamment en proposant des <a href=\"https:\/\/old.la-cabane-a-farine.fr\/nos-produits\/\" target=\"_blank\" rel=\"noopener\">sp\u00e9cialit\u00e9s maison \u00e0 cuisiner comme des p\u00e2tes<\/a> d\u00e8s 2014. Ces sp\u00e9cialit\u00e9s maison sont r\u00e9alis\u00e9es \u00e0 partir de la farine de l\u2019exploitation, <a href=\"https:\/\/old.la-cabane-a-farine.fr\/minoterie\/\" target=\"_blank\" rel=\"noopener\">moulue sur meule de pierre<\/a>&nbsp;dans notre moulin&nbsp;entre Ensisheim et Colmar. <\/span><span>Toujours dans le soucis de faire \u00e9voluer notre gamme de produits, nous cultivons, depuis 2016, du bl\u00e9 dur pour proposer des p\u00e2tes aux \u0153ufs, en partenariat avec un \u00e9leveur de volailles en agriculture biologique de la r\u00e9gion. Aujourd\u2019hui, La Cabane \u00e0 Farine c&#8217;est aussi une boulangerie artisanale qui vend son <a href=\"https:\/\/old.la-cabane-a-farine.fr\/boulangerie\/\" target=\"_blank\" rel=\"noopener\">pain<\/a>&nbsp;\u00e0 la ferme, tous les mardis apr\u00e8s-midi de 16h00 \u00e0 18h30<a href=\"https:\/\/old.la-cabane-a-farine.fr\/contact\/\" target=\"_blank\" rel=\"noopener\"> sur r\u00e9servation<\/a>.<\/span><\/p>\n<p><strong><span>Vente directe \u00e0 la ferme<\/span><\/strong><\/p>\n<p><span>Nous vous proposons <a href=\"https:\/\/old.la-cabane-a-farine.fr\/nos-produits\/\" target=\"_blank\" rel=\"noopener\">tous nos produits<\/a> en vente directe \u00e0 la ferme, au d\u00e9tail ou en vrac, tous les mardis apr\u00e8s-midi de 16h00 \u00e0 18h30 et les samedis de 9h00 \u00e0 12h00.<\/span><\/p>\n<p>Nous nous ferons un plaisir de vous accueillir sur l\u2019exploitation agricole pour vous faire d\u00e9couvrir nos techniques artisanales de transformation et partager avec vous notre passion du m\u00e9tier.<\/p>\t\t\t\t\t<\/div>\n\t\t\t\t\t\t<\/div>\n\t\t\t\t<\/div>\n\t\t\t\t\t\t<\/div>\n\t\t\t\t\t<\/div>\n\t\t<\/div>\n\t\t\t\t<div class=\"elementor-column elementor-col-50 elementor-top-column elementor-element elementor-element-a1d9491\" data-id=\"a1d9491\" data-element_type=\"column\">\n\t\t\t<div class=\"elementor-column-wrap\">\n\t\t\t\t\t\t\t<div class=\"elementor-widget-wrap\">\n\t\t\t\t\t\t\t\t<\/div>\n\t\t\t\t\t<\/div>\n\t\t<\/div>\n\t\t\t\t\t\t\t\t<\/div>\n\t\t\t\t\t<\/div>\n\t\t<\/section>\n\t\t\t\t<section class=\"elementor-section elementor-top-section elementor-element elementor-element-7b6aca6 elementor-reverse-tablet elementor-section-stretched elementor-section-boxed elementor-section-height-default elementor-section-height-default wpr-particle-no wpr-jarallax-no wpr-parallax-no wpr-sticky-section-no\" data-id=\"7b6aca6\" data-element_type=\"section\" data-settings=\"{&quot;stretch_section&quot;:&quot;section-stretched&quot;}\">\n\t\t\t\t\t\t<div class=\"elementor-container elementor-column-gap-default\">\n\t\t\t\t\t\t\t<div class=\"elementor-row\">\n\t\t\t\t\t<div class=\"elementor-column elementor-col-50 elementor-top-column elementor-element elementor-element-91ada3e\" data-id=\"91ada3e\" data-element_type=\"column\">\n\t\t\t<div class=\"elementor-column-wrap elementor-element-populated\">\n\t\t\t\t\t\t\t<div class=\"elementor-widget-wrap\">\n\t\t\t\t\t\t<div class=\"elementor-element elementor-element-b59009e elementor-widget elementor-widget-image\" data-id=\"b59009e\" data-element_type=\"widget\" data-widget_type=\"image.default\">\n\t\t\t\t<div class=\"elementor-widget-container\">\n\t\t\t\t\t\t\t\t<div class=\"elementor-image\">\n\t\t\t\t\t\t\t\t\t\t\t\t<img width=\"700\" height=\"500\" src=\"https:\/\/old.la-cabane-a-farine.fr\/wp-content\/uploads\/2022\/04\/imp.jpg\" class=\"attachment-large size-large\" alt=\"boulanger Colmar\" srcset=\"https:\/\/old.la-cabane-a-farine.fr\/wp-content\/uploads\/2022\/04\/imp.jpg 700w, https:\/\/old.la-cabane-a-farine.fr\/wp-content\/uploads\/2022\/04\/imp-600x429.jpg 600w, https:\/\/old.la-cabane-a-farine.fr\/wp-content\/uploads\/2022\/04\/imp-300x214.jpg 300w\" sizes=\"(max-width: 700px) 100vw, 700px\" \/>\t\t\t\t\t\t\t\t\t\t\t\t\t\t<\/div>\n\t\t\t\t\t\t<\/div>\n\t\t\t\t<\/div>\n\t\t\t\t\t\t<\/div>\n\t\t\t\t\t<\/div>\n\t\t<\/div>\n\t\t\t\t<div class=\"elementor-column elementor-col-50 elementor-top-column elementor-element elementor-element-36944a7\" data-id=\"36944a7\" data-element_type=\"column\">\n\t\t\t<div class=\"elementor-column-wrap elementor-element-populated\">\n\t\t\t\t\t\t\t<div class=\"elementor-widget-wrap\">\n\t\t\t\t\t\t<div class=\"elementor-element elementor-element-9ff9a2a elementor-widget elementor-widget-image\" data-id=\"9ff9a2a\" data-element_type=\"widget\" data-widget_type=\"image.default\">\n\t\t\t\t<div class=\"elementor-widget-container\">\n\t\t\t\t\t\t\t\t<div class=\"elementor-image\">\n\t\t\t\t\t\t\t\t\t\t\t\t<img width=\"547\" height=\"262\" src=\"https:\/\/old.la-cabane-a-farine.fr\/wp-content\/uploads\/2022\/04\/icon1-2.png\" class=\"attachment-large size-large\" alt=\"\" srcset=\"https:\/\/old.la-cabane-a-farine.fr\/wp-content\/uploads\/2022\/04\/icon1-2.png 547w, https:\/\/old.la-cabane-a-farine.fr\/wp-content\/uploads\/2022\/04\/icon1-2-300x144.png 300w\" sizes=\"(max-width: 547px) 100vw, 547px\" \/>\t\t\t\t\t\t\t\t\t\t\t\t\t\t<\/div>\n\t\t\t\t\t\t<\/div>\n\t\t\t\t<\/div>\n\t\t\t\t<div class=\"elementor-element elementor-element-72bce44 elementor-widget elementor-widget-text-editor\" data-id=\"72bce44\" data-element_type=\"widget\" data-widget_type=\"text-editor.default\">\n\t\t\t\t<div class=\"elementor-widget-container\">\n\t\t\t\t\t\t\t\t<div class=\"elementor-text-editor elementor-clearfix\">\n\t\t\t\t<p><strong><span>Une br\u00e8ve histoire de La Cabane \u00e0 Farine<\/span><\/strong><\/p><p>La Cabane \u00e0 Farine a \u00e9t\u00e9 cr\u00e9\u00e9e en 2011 par Vincent et Marie-Claire Grass, mais aussi par leur fils, Sylvain, qui a assur\u00e9 la diversification de l\u2019exploitation familiale. De 2011 \u00e0 2014, ils se sont consacr\u00e9s exclusivement \u00e0 la <a href=\"https:\/\/old.la-cabane-a-farine.fr\/nos-produits\/\" target=\"_blank\" rel=\"noopener\">transformation du bl\u00e9 en farine<\/a>. Au fil des ann\u00e9es, La Cabane \u00e0 Farine s\u2019est d\u00e9velopp\u00e9e et a diversifi\u00e9 sa production. Depuis 2014, l\u2019exploitation propose une large gamme de <a href=\"https:\/\/old.la-cabane-a-farine.fr\/nos-produits\/\" target=\"_blank\" rel=\"noopener\">p\u00e2tes sans \u0153ufs<\/a>. La reprise de l\u2019exploitation par Sylvain s&#8217;est faite en 2020. Aujourd\u2019hui, les sp\u00e9cialit\u00e9s de La Cabane \u00e0 Farine sont vendues dans pas moins de 70<span style=\"color: #800000;\"> <a href=\"https:\/\/old.la-cabane-a-farine.fr\/points-de-vente\/\" style=\"color: #800000;\">points de vente<\/a><\/span> \u00e0 travers l&#8217;Alsace ou directement \u00e0 la ferme.<\/p>\t\t\t\t\t<\/div>\n\t\t\t\t\t\t<\/div>\n\t\t\t\t<\/div>\n\t\t\t\t\t\t<\/div>\n\t\t\t\t\t<\/div>\n\t\t<\/div>\n\t\t\t\t\t\t\t\t<\/div>\n\t\t\t\t\t<\/div>\n\t\t<\/section>\n\t\t\t\t<section class=\"elementor-section elementor-top-section elementor-element elementor-element-1642e58 elementor-reverse-tablet elementor-reverse-mobile elementor-section-stretched elementor-section-boxed elementor-section-height-default elementor-section-height-default wpr-particle-no wpr-jarallax-no wpr-parallax-no wpr-sticky-section-no\" data-id=\"1642e58\" data-element_type=\"section\" data-settings=\"{&quot;stretch_section&quot;:&quot;section-stretched&quot;}\">\n\t\t\t\t\t\t<div class=\"elementor-container elementor-column-gap-default\">\n\t\t\t\t\t\t\t<div class=\"elementor-row\">\n\t\t\t\t\t<div class=\"elementor-column elementor-col-100 elementor-top-column elementor-element elementor-element-89b6169\" data-id=\"89b6169\" data-element_type=\"column\">\n\t\t\t<div class=\"elementor-column-wrap elementor-element-populated\">\n\t\t\t\t\t\t\t<div class=\"elementor-widget-wrap\">\n\t\t\t\t\t\t<div class=\"elementor-element elementor-element-9572055 elementor-invisible elementor-widget elementor-widget-heading\" data-id=\"9572055\" data-element_type=\"widget\" data-settings=\"{&quot;_animation&quot;:&quot;fadeInDown&quot;}\" data-widget_type=\"heading.default\">\n\t\t\t\t<div class=\"elementor-widget-container\">\n\t\t\t<h4 class=\"elementor-heading-title elementor-size-default\"><span style=\"color:#64172f;\">Sp\u00e9cialit\u00e9s <\/span>Fermi\u00e8res<\/h4>\t\t<\/div>\n\t\t\t\t<\/div>\n\t\t\t\t<div class=\"elementor-element elementor-element-e853144 elementor-widget elementor-widget-image\" data-id=\"e853144\" data-element_type=\"widget\" data-widget_type=\"image.default\">\n\t\t\t\t<div class=\"elementor-widget-container\">\n\t\t\t\t\t\t\t\t<div class=\"elementor-image\">\n\t\t\t\t\t\t\t\t\t\t\t\t<img width=\"750\" height=\"125\" src=\"https:\/\/old.la-cabane-a-farine.fr\/wp-content\/uploads\/2022\/04\/SLLL-1024x171.png\" class=\"attachment-large size-large\" alt=\"\" srcset=\"https:\/\/old.la-cabane-a-farine.fr\/wp-content\/uploads\/2022\/04\/SLLL-1024x171.png 1024w, https:\/\/old.la-cabane-a-farine.fr\/wp-content\/uploads\/2022\/04\/SLLL-600x100.png 600w, https:\/\/old.la-cabane-a-farine.fr\/wp-content\/uploads\/2022\/04\/SLLL-300x50.png 300w, https:\/\/old.la-cabane-a-farine.fr\/wp-content\/uploads\/2022\/04\/SLLL-768x128.png 768w, https:\/\/old.la-cabane-a-farine.fr\/wp-content\/uploads\/2022\/04\/SLLL.png 1026w\" sizes=\"(max-width: 750px) 100vw, 750px\" \/>\t\t\t\t\t\t\t\t\t\t\t\t\t\t<\/div>\n\t\t\t\t\t\t<\/div>\n\t\t\t\t<\/div>\n\t\t\t\t<section class=\"elementor-section elementor-inner-section elementor-element elementor-element-c49ed8c elementor-section-boxed elementor-section-height-default elementor-section-height-default wpr-particle-no wpr-jarallax-no wpr-parallax-no wpr-sticky-section-no\" data-id=\"c49ed8c\" data-element_type=\"section\">\n\t\t\t\t\t\t<div class=\"elementor-container elementor-column-gap-default\">\n\t\t\t\t\t\t\t<div class=\"elementor-row\">\n\t\t\t\t\t<div class=\"elementor-column elementor-col-25 elementor-inner-column elementor-element elementor-element-45f7345\" data-id=\"45f7345\" data-element_type=\"column\">\n\t\t\t<div class=\"elementor-column-wrap elementor-element-populated\">\n\t\t\t\t\t\t\t<div class=\"elementor-widget-wrap\">\n\t\t\t\t\t\t<div class=\"elementor-element elementor-element-af9f868 elementor-widget elementor-widget-image\" data-id=\"af9f868\" data-element_type=\"widget\" data-widget_type=\"image.default\">\n\t\t\t\t<div class=\"elementor-widget-container\">\n\t\t\t\t\t\t\t\t<div class=\"elementor-image\">\n\t\t\t\t\t\t\t\t\t\t\t\t<img width=\"150\" height=\"149\" src=\"https:\/\/old.la-cabane-a-farine.fr\/wp-content\/uploads\/2022\/04\/im4-2.jpg\" class=\"attachment-large size-large\" alt=\"\" \/>\t\t\t\t\t\t\t\t\t\t\t\t\t\t<\/div>\n\t\t\t\t\t\t<\/div>\n\t\t\t\t<\/div>\n\t\t\t\t\t\t<\/div>\n\t\t\t\t\t<\/div>\n\t\t<\/div>\n\t\t\t\t<div class=\"elementor-column elementor-col-25 elementor-inner-column elementor-element elementor-element-6cb6a90\" data-id=\"6cb6a90\" data-element_type=\"column\">\n\t\t\t<div class=\"elementor-column-wrap elementor-element-populated\">\n\t\t\t\t\t\t\t<div class=\"elementor-widget-wrap\">\n\t\t\t\t\t\t<div class=\"elementor-element elementor-element-7d6b8c3 elementor-widget elementor-widget-image\" data-id=\"7d6b8c3\" data-element_type=\"widget\" data-widget_type=\"image.default\">\n\t\t\t\t<div class=\"elementor-widget-container\">\n\t\t\t\t\t\t\t\t<div class=\"elementor-image\">\n\t\t\t\t\t\t\t\t\t\t\t\t<img width=\"270\" height=\"288\" src=\"https:\/\/old.la-cabane-a-farine.fr\/wp-content\/uploads\/2022\/04\/icon1-3.png\" class=\"attachment-large size-large\" alt=\"\" \/>\t\t\t\t\t\t\t\t\t\t\t\t\t\t<\/div>\n\t\t\t\t\t\t<\/div>\n\t\t\t\t<\/div>\n\t\t\t\t\t\t<\/div>\n\t\t\t\t\t<\/div>\n\t\t<\/div>\n\t\t\t\t<div class=\"elementor-column elementor-col-25 elementor-inner-column elementor-element elementor-element-d62537f\" data-id=\"d62537f\" data-element_type=\"column\">\n\t\t\t<div class=\"elementor-column-wrap elementor-element-populated\">\n\t\t\t\t\t\t\t<div class=\"elementor-widget-wrap\">\n\t\t\t\t\t\t<div class=\"elementor-element elementor-element-8216a50 elementor-widget elementor-widget-image\" data-id=\"8216a50\" data-element_type=\"widget\" data-widget_type=\"image.default\">\n\t\t\t\t<div class=\"elementor-widget-container\">\n\t\t\t\t\t\t\t\t<div class=\"elementor-image\">\n\t\t\t\t\t\t\t\t\t\t\t\t<img width=\"150\" height=\"149\" src=\"https:\/\/old.la-cabane-a-farine.fr\/wp-content\/uploads\/2022\/04\/im5.jpg\" class=\"attachment-large size-large\" alt=\"\" \/>\t\t\t\t\t\t\t\t\t\t\t\t\t\t<\/div>\n\t\t\t\t\t\t<\/div>\n\t\t\t\t<\/div>\n\t\t\t\t\t\t<\/div>\n\t\t\t\t\t<\/div>\n\t\t<\/div>\n\t\t\t\t<div class=\"elementor-column elementor-col-25 elementor-inner-column elementor-element elementor-element-8b82807\" data-id=\"8b82807\" data-element_type=\"column\">\n\t\t\t<div class=\"elementor-column-wrap elementor-element-populated\">\n\t\t\t\t\t\t\t<div class=\"elementor-widget-wrap\">\n\t\t\t\t\t\t<div class=\"elementor-element elementor-element-390d759 elementor-widget elementor-widget-image\" data-id=\"390d759\" data-element_type=\"widget\" data-widget_type=\"image.default\">\n\t\t\t\t<div class=\"elementor-widget-container\">\n\t\t\t\t\t\t\t\t<div class=\"elementor-image\">\n\t\t\t\t\t\t\t\t\t\t\t\t<img width=\"150\" height=\"149\" src=\"https:\/\/old.la-cabane-a-farine.fr\/wp-content\/uploads\/2022\/04\/im6.jpg\" class=\"attachment-large size-large\" alt=\"\" \/>\t\t\t\t\t\t\t\t\t\t\t\t\t\t<\/div>\n\t\t\t\t\t\t<\/div>\n\t\t\t\t<\/div>\n\t\t\t\t\t\t<\/div>\n\t\t\t\t\t<\/div>\n\t\t<\/div>\n\t\t\t\t\t\t\t\t<\/div>\n\t\t\t\t\t<\/div>\n\t\t<\/section>\n\t\t\t\t\t\t<\/div>\n\t\t\t\t\t<\/div>\n\t\t<\/div>\n\t\t\t\t\t\t\t\t<\/div>\n\t\t\t\t\t<\/div>\n\t\t<\/section>\n\t\t\t\t<section class=\"elementor-section elementor-top-section elementor-element elementor-element-6394ca1e2 elementor-section-height-min-height elementor-section-stretched elementor-section-boxed elementor-section-height-default elementor-section-items-middle wpr-particle-no wpr-jarallax-no wpr-parallax-no wpr-sticky-section-no\" data-id=\"6394ca1e2\" data-element_type=\"section\" data-settings=\"{&quot;stretch_section&quot;:&quot;section-stretched&quot;,&quot;background_background&quot;:&quot;video&quot;,&quot;background_video_link&quot;:&quot;https:\\\/\\\/old.la-cabane-a-farine.fr\\\/wp-content\\\/uploads\\\/2022\\\/08\\\/cabane-a-farine-1.mp4&quot;}\">\n\t\t\t\t\t\t\t\t<div class=\"elementor-background-video-container elementor-hidden-phone\">\n\t\t\t\t\t\t\t\t\t\t\t\t\t<video class=\"elementor-background-video-hosted elementor-html5-video\" autoplay muted playsinline loop><\/video>\n\t\t\t\t\t\t\t\t\t\t\t<\/div>\n\t\t\t\t\t\t\t\t<div class=\"elementor-container elementor-column-gap-default\">\n\t\t\t\t\t\t\t<div class=\"elementor-row\">\n\t\t\t\t\t<div class=\"elementor-column elementor-col-100 elementor-top-column elementor-element elementor-element-2e4b9b02\" data-id=\"2e4b9b02\" data-element_type=\"column\" data-settings=\"{&quot;background_background&quot;:&quot;classic&quot;}\">\n\t\t\t<div class=\"elementor-column-wrap\">\n\t\t\t\t\t<div class=\"elementor-background-overlay\"><\/div>\n\t\t\t\t\t\t\t<div class=\"elementor-widget-wrap\">\n\t\t\t\t\t\t\t\t<\/div>\n\t\t\t\t\t<\/div>\n\t\t<\/div>\n\t\t\t\t\t\t\t\t<\/div>\n\t\t\t\t\t<\/div>\n\t\t<\/section>\n\t\t\t\t<section class=\"elementor-section elementor-top-section elementor-element elementor-element-46fa3c0b elementor-section-stretched elementor-section-content-middle elementor-section-height-min-height elementor-section-boxed elementor-section-height-default elementor-section-items-middle wpr-particle-no wpr-jarallax-no wpr-parallax-no wpr-sticky-section-no\" data-id=\"46fa3c0b\" data-element_type=\"section\" data-settings=\"{&quot;stretch_section&quot;:&quot;section-stretched&quot;,&quot;background_background&quot;:&quot;classic&quot;}\">\n\t\t\t\t\t\t<div class=\"elementor-container elementor-column-gap-default\">\n\t\t\t\t\t\t\t<div class=\"elementor-row\">\n\t\t\t\t\t<div class=\"elementor-column elementor-col-50 elementor-top-column elementor-element elementor-element-ccee058\" data-id=\"ccee058\" data-element_type=\"column\" data-settings=\"{&quot;background_background&quot;:&quot;classic&quot;}\">\n\t\t\t<div class=\"elementor-column-wrap elementor-element-populated\">\n\t\t\t\t\t\t\t<div class=\"elementor-widget-wrap\">\n\t\t\t\t\t\t<div class=\"elementor-element elementor-element-5c2e3bcc elementor-invisible elementor-widget elementor-widget-heading\" data-id=\"5c2e3bcc\" data-element_type=\"widget\" data-settings=\"{&quot;_animation&quot;:&quot;fadeInDown&quot;}\" data-widget_type=\"heading.default\">\n\t\t\t\t<div class=\"elementor-widget-container\">\n\t\t\t<h2 class=\"elementor-heading-title elementor-size-default\">Nos cultures<\/h2>\t\t<\/div>\n\t\t\t\t<\/div>\n\t\t\t\t<div class=\"elementor-element elementor-element-1832a0a elementor-widget-divider--view-line elementor-widget elementor-widget-divider\" data-id=\"1832a0a\" data-element_type=\"widget\" data-widget_type=\"divider.default\">\n\t\t\t\t<div class=\"elementor-widget-container\">\n\t\t\t\t\t<div class=\"elementor-divider\">\n\t\t\t<span class=\"elementor-divider-separator\">\n\t\t\t\t\t\t<\/span>\n\t\t<\/div>\n\t\t\t\t<\/div>\n\t\t\t\t<\/div>\n\t\t\t\t<div class=\"elementor-element elementor-element-72d2de9e elementor-widget elementor-widget-text-editor\" data-id=\"72d2de9e\" data-element_type=\"widget\" data-widget_type=\"text-editor.default\">\n\t\t\t\t<div class=\"elementor-widget-container\">\n\t\t\t\t\t\t\t\t<div class=\"elementor-text-editor elementor-clearfix\">\n\t\t\t\t<p>La Cabane \u00e0 Farine est une\u00a0exploitation agricole familiale qui cultive des c\u00e9r\u00e9ales sur les terres de Dessenheim depuis plusieurs g\u00e9n\u00e9rations (bl\u00e9 tendre, bl\u00e9 dur, grand \u00e9peautre non-hybrid\u00e9, ma\u00efs et soja). Sur les <a href=\"https:\/\/old.la-cabane-a-farine.fr\/ferme\/\" target=\"_blank\" rel=\"noopener\"><span style=\"color: #ff0000;\"><span style=\"color: #800000;\">46 hectares de cultures<\/span><\/span><\/a>, une partie du bl\u00e9 et de l\u2019\u00e9peautre sont destin\u00e9s \u00e0 la transformation.<\/p>\t\t\t\t\t<\/div>\n\t\t\t\t\t\t<\/div>\n\t\t\t\t<\/div>\n\t\t\t\t<div class=\"elementor-element elementor-element-15911b4f elementor-align-left elementor-widget elementor-widget-button\" data-id=\"15911b4f\" data-element_type=\"widget\" data-widget_type=\"button.default\">\n\t\t\t\t<div class=\"elementor-widget-container\">\n\t\t\t\t\t<div class=\"elementor-button-wrapper\">\n\t\t\t<a href=\"https:\/\/old.la-cabane-a-farine.fr\/nos-cultures\/\" class=\"elementor-button-link elementor-button elementor-size-sm elementor-animation-shrink\" role=\"button\">\n\t\t\t\t\t\t<span class=\"elementor-button-content-wrapper\">\n\t\t\t\t\t\t<span class=\"elementor-button-icon elementor-align-icon-right\">\n\t\t\t\t<i aria-hidden=\"true\" class=\"fas fa-angle-double-right\"><\/i>\t\t\t<\/span>\n\t\t\t\t\t\t<span class=\"elementor-button-text\">en savoir plus<\/span>\n\t\t<\/span>\n\t\t\t\t\t<\/a>\n\t\t<\/div>\n\t\t\t\t<\/div>\n\t\t\t\t<\/div>\n\t\t\t\t\t\t<\/div>\n\t\t\t\t\t<\/div>\n\t\t<\/div>\n\t\t\t\t<div class=\"elementor-column elementor-col-50 elementor-top-column elementor-element elementor-element-16044fd9\" data-id=\"16044fd9\" data-element_type=\"column\">\n\t\t\t<div class=\"elementor-column-wrap elementor-element-populated\">\n\t\t\t\t\t\t\t<div class=\"elementor-widget-wrap\">\n\t\t\t\t\t\t<div class=\"elementor-element elementor-element-53047f92 elementor-widget elementor-widget-image\" data-id=\"53047f92\" data-element_type=\"widget\" data-widget_type=\"image.default\">\n\t\t\t\t<div class=\"elementor-widget-container\">\n\t\t\t\t\t\t\t\t<div class=\"elementor-image\">\n\t\t\t\t\t\t\t\t\t\t\t\t<img width=\"750\" height=\"563\" src=\"https:\/\/old.la-cabane-a-farine.fr\/wp-content\/uploads\/2022\/06\/Moissonneuse-2.jpg\" class=\"attachment-large size-large\" alt=\"\" srcset=\"https:\/\/old.la-cabane-a-farine.fr\/wp-content\/uploads\/2022\/06\/Moissonneuse-2.jpg 960w, https:\/\/old.la-cabane-a-farine.fr\/wp-content\/uploads\/2022\/06\/Moissonneuse-2-600x450.jpg 600w, https:\/\/old.la-cabane-a-farine.fr\/wp-content\/uploads\/2022\/06\/Moissonneuse-2-300x225.jpg 300w, https:\/\/old.la-cabane-a-farine.fr\/wp-content\/uploads\/2022\/06\/Moissonneuse-2-768x576.jpg 768w\" sizes=\"(max-width: 750px) 100vw, 750px\" \/>\t\t\t\t\t\t\t\t\t\t\t\t\t\t<\/div>\n\t\t\t\t\t\t<\/div>\n\t\t\t\t<\/div>\n\t\t\t\t\t\t<\/div>\n\t\t\t\t\t<\/div>\n\t\t<\/div>\n\t\t\t\t\t\t\t\t<\/div>\n\t\t\t\t\t<\/div>\n\t\t<\/section>\n\t\t\t\t<section class=\"elementor-section elementor-top-section elementor-element elementor-element-299df5d8 elementor-section-stretched elementor-section-content-middle elementor-section-height-min-height elementor-reverse-mobile elementor-section-boxed elementor-section-height-default elementor-section-items-middle wpr-particle-no wpr-jarallax-no wpr-parallax-no wpr-sticky-section-no\" data-id=\"299df5d8\" data-element_type=\"section\" data-settings=\"{&quot;stretch_section&quot;:&quot;section-stretched&quot;,&quot;background_background&quot;:&quot;classic&quot;}\">\n\t\t\t\t\t\t<div class=\"elementor-container elementor-column-gap-default\">\n\t\t\t\t\t\t\t<div class=\"elementor-row\">\n\t\t\t\t\t<div class=\"elementor-column elementor-col-50 elementor-top-column elementor-element elementor-element-5ba5c792\" data-id=\"5ba5c792\" data-element_type=\"column\">\n\t\t\t<div class=\"elementor-column-wrap elementor-element-populated\">\n\t\t\t\t\t\t\t<div class=\"elementor-widget-wrap\">\n\t\t\t\t\t\t<div class=\"elementor-element elementor-element-ea5ff36 elementor-widget elementor-widget-image\" data-id=\"ea5ff36\" data-element_type=\"widget\" data-widget_type=\"image.default\">\n\t\t\t\t<div class=\"elementor-widget-container\">\n\t\t\t\t\t\t\t\t<div class=\"elementor-image\">\n\t\t\t\t\t\t\t\t\t\t\t\t<img width=\"750\" height=\"563\" src=\"https:\/\/old.la-cabane-a-farine.fr\/wp-content\/uploads\/2022\/08\/20220801_104446-1024x768.jpg\" class=\"attachment-large size-large\" alt=\"Moulin \u00e0 farine\" srcset=\"https:\/\/old.la-cabane-a-farine.fr\/wp-content\/uploads\/2022\/08\/20220801_104446-1024x768.jpg 1024w, https:\/\/old.la-cabane-a-farine.fr\/wp-content\/uploads\/2022\/08\/20220801_104446-600x450.jpg 600w, https:\/\/old.la-cabane-a-farine.fr\/wp-content\/uploads\/2022\/08\/20220801_104446-300x225.jpg 300w, https:\/\/old.la-cabane-a-farine.fr\/wp-content\/uploads\/2022\/08\/20220801_104446-768x576.jpg 768w, https:\/\/old.la-cabane-a-farine.fr\/wp-content\/uploads\/2022\/08\/20220801_104446-1536x1152.jpg 1536w, https:\/\/old.la-cabane-a-farine.fr\/wp-content\/uploads\/2022\/08\/20220801_104446-2048x1536.jpg 2048w, https:\/\/old.la-cabane-a-farine.fr\/wp-content\/uploads\/2022\/08\/20220801_104446-1320x990.jpg 1320w\" sizes=\"(max-width: 750px) 100vw, 750px\" \/>\t\t\t\t\t\t\t\t\t\t\t\t\t\t<\/div>\n\t\t\t\t\t\t<\/div>\n\t\t\t\t<\/div>\n\t\t\t\t\t\t<\/div>\n\t\t\t\t\t<\/div>\n\t\t<\/div>\n\t\t\t\t<div class=\"elementor-column elementor-col-50 elementor-top-column elementor-element elementor-element-21a1c09b\" data-id=\"21a1c09b\" data-element_type=\"column\" data-settings=\"{&quot;background_background&quot;:&quot;classic&quot;}\">\n\t\t\t<div class=\"elementor-column-wrap elementor-element-populated\">\n\t\t\t\t\t\t\t<div class=\"elementor-widget-wrap\">\n\t\t\t\t\t\t<div class=\"elementor-element elementor-element-7ab68394 elementor-invisible elementor-widget elementor-widget-heading\" data-id=\"7ab68394\" data-element_type=\"widget\" data-settings=\"{&quot;_animation&quot;:&quot;fadeInDown&quot;}\" data-widget_type=\"heading.default\">\n\t\t\t\t<div class=\"elementor-widget-container\">\n\t\t\t<h2 class=\"elementor-heading-title elementor-size-default\">Le moulin<\/h2>\t\t<\/div>\n\t\t\t\t<\/div>\n\t\t\t\t<div class=\"elementor-element elementor-element-5e27af8 elementor-widget-divider--view-line elementor-widget elementor-widget-divider\" data-id=\"5e27af8\" data-element_type=\"widget\" data-widget_type=\"divider.default\">\n\t\t\t\t<div class=\"elementor-widget-container\">\n\t\t\t\t\t<div class=\"elementor-divider\">\n\t\t\t<span class=\"elementor-divider-separator\">\n\t\t\t\t\t\t<\/span>\n\t\t<\/div>\n\t\t\t\t<\/div>\n\t\t\t\t<\/div>\n\t\t\t\t<div class=\"elementor-element elementor-element-5732dcfe elementor-widget elementor-widget-text-editor\" data-id=\"5732dcfe\" data-element_type=\"widget\" data-widget_type=\"text-editor.default\">\n\t\t\t\t<div class=\"elementor-widget-container\">\n\t\t\t\t\t\t\t\t<div class=\"elementor-text-editor elementor-clearfix\">\n\t\t\t\t<p>Dans le <a href=\"https:\/\/old.la-cabane-a-farine.fr\/le-moulin\/\" target=\"_blank\" rel=\"noopener\"><strong>moulin<\/strong><\/a> de l\u2019exploitation, l\u2019\u00e9quipe de La Cabane \u00e0 Farine moud ses farines \u00e0 la meule de pierre, dans le respect de la tradition. Venez faire un tour \u00e0 la ferme pour d\u00e9couvrir les techniques artisanales de transformation.<\/p>\t\t\t\t\t<\/div>\n\t\t\t\t\t\t<\/div>\n\t\t\t\t<\/div>\n\t\t\t\t<div class=\"elementor-element elementor-element-78785ff1 elementor-align-left elementor-widget elementor-widget-button\" data-id=\"78785ff1\" data-element_type=\"widget\" data-widget_type=\"button.default\">\n\t\t\t\t<div class=\"elementor-widget-container\">\n\t\t\t\t\t<div class=\"elementor-button-wrapper\">\n\t\t\t<a href=\"https:\/\/old.la-cabane-a-farine.fr\/le-moulin\/\" class=\"elementor-button-link elementor-button elementor-size-sm elementor-animation-shrink\" role=\"button\">\n\t\t\t\t\t\t<span class=\"elementor-button-content-wrapper\">\n\t\t\t\t\t\t<span class=\"elementor-button-icon elementor-align-icon-right\">\n\t\t\t\t<i aria-hidden=\"true\" class=\"fas fa-angle-double-right\"><\/i>\t\t\t<\/span>\n\t\t\t\t\t\t<span class=\"elementor-button-text\">en savoir plus<\/span>\n\t\t<\/span>\n\t\t\t\t\t<\/a>\n\t\t<\/div>\n\t\t\t\t<\/div>\n\t\t\t\t<\/div>\n\t\t\t\t\t\t<\/div>\n\t\t\t\t\t<\/div>\n\t\t<\/div>\n\t\t\t\t\t\t\t\t<\/div>\n\t\t\t\t\t<\/div>\n\t\t<\/section>\n\t\t\t\t<section class=\"elementor-section elementor-top-section elementor-element elementor-element-d40ba24 elementor-section-height-min-height elementor-section-boxed elementor-section-height-default elementor-section-items-middle wpr-particle-no wpr-jarallax-no wpr-parallax-no wpr-sticky-section-no\" data-id=\"d40ba24\" data-element_type=\"section\" data-settings=\"{&quot;background_background&quot;:&quot;classic&quot;}\">\n\t\t\t\t\t\t<div class=\"elementor-container elementor-column-gap-default\">\n\t\t\t\t\t\t\t<div class=\"elementor-row\">\n\t\t\t\t\t<div class=\"elementor-column elementor-col-50 elementor-top-column elementor-element elementor-element-4d1eadc\" data-id=\"4d1eadc\" data-element_type=\"column\">\n\t\t\t<div class=\"elementor-column-wrap\">\n\t\t\t\t\t\t\t<div class=\"elementor-widget-wrap\">\n\t\t\t\t\t\t\t\t<\/div>\n\t\t\t\t\t<\/div>\n\t\t<\/div>\n\t\t\t\t<div class=\"elementor-column elementor-col-50 elementor-top-column elementor-element elementor-element-122f488\" data-id=\"122f488\" data-element_type=\"column\">\n\t\t\t<div class=\"elementor-column-wrap elementor-element-populated\">\n\t\t\t\t\t\t\t<div class=\"elementor-widget-wrap\">\n\t\t\t\t\t\t<div class=\"elementor-element elementor-element-a5229a4 elementor-invisible elementor-widget elementor-widget-heading\" data-id=\"a5229a4\" data-element_type=\"widget\" data-settings=\"{&quot;_animation&quot;:&quot;fadeInDown&quot;}\" data-widget_type=\"heading.default\">\n\t\t\t\t<div class=\"elementor-widget-container\">\n\t\t\t<h3 class=\"elementor-heading-title elementor-size-default\">Nos points forts<\/h3>\t\t<\/div>\n\t\t\t\t<\/div>\n\t\t\t\t<section class=\"elementor-section elementor-inner-section elementor-element elementor-element-23319e9 elementor-section-boxed elementor-section-height-default elementor-section-height-default wpr-particle-no wpr-jarallax-no wpr-parallax-no wpr-sticky-section-no\" data-id=\"23319e9\" data-element_type=\"section\">\n\t\t\t\t\t\t<div class=\"elementor-container elementor-column-gap-default\">\n\t\t\t\t\t\t\t<div class=\"elementor-row\">\n\t\t\t\t\t<div class=\"elementor-column elementor-col-33 elementor-inner-column elementor-element elementor-element-2193d0a\" data-id=\"2193d0a\" data-element_type=\"column\">\n\t\t\t<div class=\"elementor-column-wrap elementor-element-populated\">\n\t\t\t\t\t\t\t<div class=\"elementor-widget-wrap\">\n\t\t\t\t\t\t<div class=\"elementor-element elementor-element-75cacc2 elementor-widget elementor-widget-image\" data-id=\"75cacc2\" data-element_type=\"widget\" data-widget_type=\"image.default\">\n\t\t\t\t<div class=\"elementor-widget-container\">\n\t\t\t\t\t\t\t\t<div class=\"elementor-image\">\n\t\t\t\t\t\t\t\t\t\t\t\t<img width=\"191\" height=\"189\" src=\"https:\/\/old.la-cabane-a-farine.fr\/wp-content\/uploads\/2022\/04\/icon24.png\" class=\"attachment-large size-large\" alt=\"\" \/>\t\t\t\t\t\t\t\t\t\t\t\t\t\t<\/div>\n\t\t\t\t\t\t<\/div>\n\t\t\t\t<\/div>\n\t\t\t\t<div class=\"elementor-element elementor-element-6733454 elementor-invisible elementor-widget elementor-widget-heading\" data-id=\"6733454\" data-element_type=\"widget\" data-settings=\"{&quot;_animation&quot;:&quot;fadeInDown&quot;}\" data-widget_type=\"heading.default\">\n\t\t\t\t<div class=\"elementor-widget-container\">\n\t\t\t<div class=\"elementor-heading-title elementor-size-default\">Qualit\u00e9 <\/div>\t\t<\/div>\n\t\t\t\t<\/div>\n\t\t\t\t\t\t<\/div>\n\t\t\t\t\t<\/div>\n\t\t<\/div>\n\t\t\t\t<div class=\"elementor-column elementor-col-33 elementor-inner-column elementor-element elementor-element-2f4b33f\" data-id=\"2f4b33f\" data-element_type=\"column\">\n\t\t\t<div class=\"elementor-column-wrap elementor-element-populated\">\n\t\t\t\t\t\t\t<div class=\"elementor-widget-wrap\">\n\t\t\t\t\t\t<div class=\"elementor-element elementor-element-d7d0251 elementor-widget elementor-widget-image\" data-id=\"d7d0251\" data-element_type=\"widget\" data-widget_type=\"image.default\">\n\t\t\t\t<div class=\"elementor-widget-container\">\n\t\t\t\t\t\t\t\t<div class=\"elementor-image\">\n\t\t\t\t\t\t\t\t\t\t\t\t<img width=\"191\" height=\"189\" src=\"https:\/\/old.la-cabane-a-farine.fr\/wp-content\/uploads\/2022\/04\/icon23.png\" class=\"attachment-large size-large\" alt=\"\" \/>\t\t\t\t\t\t\t\t\t\t\t\t\t\t<\/div>\n\t\t\t\t\t\t<\/div>\n\t\t\t\t<\/div>\n\t\t\t\t<div class=\"elementor-element elementor-element-ac46c4a elementor-invisible elementor-widget elementor-widget-heading\" data-id=\"ac46c4a\" data-element_type=\"widget\" data-settings=\"{&quot;_animation&quot;:&quot;fadeInDown&quot;}\" data-widget_type=\"heading.default\">\n\t\t\t\t<div class=\"elementor-widget-container\">\n\t\t\t<div class=\"elementor-heading-title elementor-size-default\">Exp\u00e9rience <\/div>\t\t<\/div>\n\t\t\t\t<\/div>\n\t\t\t\t\t\t<\/div>\n\t\t\t\t\t<\/div>\n\t\t<\/div>\n\t\t\t\t<div class=\"elementor-column elementor-col-33 elementor-inner-column elementor-element elementor-element-2b710f7\" data-id=\"2b710f7\" data-element_type=\"column\">\n\t\t\t<div class=\"elementor-column-wrap elementor-element-populated\">\n\t\t\t\t\t\t\t<div class=\"elementor-widget-wrap\">\n\t\t\t\t\t\t<div class=\"elementor-element elementor-element-b61c719 elementor-widget elementor-widget-image\" data-id=\"b61c719\" data-element_type=\"widget\" data-widget_type=\"image.default\">\n\t\t\t\t<div class=\"elementor-widget-container\">\n\t\t\t\t\t\t\t\t<div class=\"elementor-image\">\n\t\t\t\t\t\t\t\t\t\t\t\t<img width=\"191\" height=\"189\" src=\"https:\/\/old.la-cabane-a-farine.fr\/wp-content\/uploads\/2022\/04\/icon22.png\" class=\"attachment-large size-large\" alt=\"\" \/>\t\t\t\t\t\t\t\t\t\t\t\t\t\t<\/div>\n\t\t\t\t\t\t<\/div>\n\t\t\t\t<\/div>\n\t\t\t\t<div class=\"elementor-element elementor-element-a1e3007 elementor-invisible elementor-widget elementor-widget-heading\" data-id=\"a1e3007\" data-element_type=\"widget\" data-settings=\"{&quot;_animation&quot;:&quot;fadeInDown&quot;}\" data-widget_type=\"heading.default\">\n\t\t\t\t<div class=\"elementor-widget-container\">\n\t\t\t<div class=\"elementor-heading-title elementor-size-default\">Disponibilit\u00e9 <\/div>\t\t<\/div>\n\t\t\t\t<\/div>\n\t\t\t\t\t\t<\/div>\n\t\t\t\t\t<\/div>\n\t\t<\/div>\n\t\t\t\t\t\t\t\t<\/div>\n\t\t\t\t\t<\/div>\n\t\t<\/section>\n\t\t\t\t\t\t<\/div>\n\t\t\t\t\t<\/div>\n\t\t<\/div>\n\t\t\t\t\t\t\t\t<\/div>\n\t\t\t\t\t<\/div>\n\t\t<\/section>\n\t\t\t\t<section class=\"elementor-section elementor-top-section elementor-element elementor-element-e9729e7 elementor-section-stretched elementor-section-content-middle elementor-section-height-min-height elementor-section-boxed elementor-section-height-default elementor-section-items-middle wpr-particle-no wpr-jarallax-no wpr-parallax-no wpr-sticky-section-no\" data-id=\"e9729e7\" data-element_type=\"section\" data-settings=\"{&quot;stretch_section&quot;:&quot;section-stretched&quot;,&quot;background_background&quot;:&quot;classic&quot;}\">\n\t\t\t\t\t\t<div class=\"elementor-container elementor-column-gap-default\">\n\t\t\t\t\t\t\t<div class=\"elementor-row\">\n\t\t\t\t\t<div class=\"elementor-column elementor-col-50 elementor-top-column elementor-element elementor-element-4d515c0\" data-id=\"4d515c0\" data-element_type=\"column\" data-settings=\"{&quot;background_background&quot;:&quot;classic&quot;}\">\n\t\t\t<div class=\"elementor-column-wrap elementor-element-populated\">\n\t\t\t\t\t\t\t<div class=\"elementor-widget-wrap\">\n\t\t\t\t\t\t<div class=\"elementor-element elementor-element-3b147b3 elementor-invisible elementor-widget elementor-widget-heading\" data-id=\"3b147b3\" data-element_type=\"widget\" data-settings=\"{&quot;_animation&quot;:&quot;fadeInDown&quot;}\" data-widget_type=\"heading.default\">\n\t\t\t\t<div class=\"elementor-widget-container\">\n\t\t\t<h2 class=\"elementor-heading-title elementor-size-default\">L'atelier \u00e0 p\u00e2tes<\/h2>\t\t<\/div>\n\t\t\t\t<\/div>\n\t\t\t\t<div class=\"elementor-element elementor-element-65e22a2 elementor-widget-divider--view-line elementor-widget elementor-widget-divider\" data-id=\"65e22a2\" data-element_type=\"widget\" data-widget_type=\"divider.default\">\n\t\t\t\t<div class=\"elementor-widget-container\">\n\t\t\t\t\t<div class=\"elementor-divider\">\n\t\t\t<span class=\"elementor-divider-separator\">\n\t\t\t\t\t\t<\/span>\n\t\t<\/div>\n\t\t\t\t<\/div>\n\t\t\t\t<\/div>\n\t\t\t\t<div class=\"elementor-element elementor-element-16ec789 elementor-widget elementor-widget-text-editor\" data-id=\"16ec789\" data-element_type=\"widget\" data-widget_type=\"text-editor.default\">\n\t\t\t\t<div class=\"elementor-widget-container\">\n\t\t\t\t\t\t\t\t<div class=\"elementor-text-editor elementor-clearfix\">\n\t\t\t\tDans son <a href=\"https:\/\/old.la-cabane-a-farine.fr\/latelier-a-pates-2\/\" target=\"_blank\" rel=\"noopener\"><strong><span style=\"color: #AD001B;\">atelier \u00e0 p\u00e2tes<\/span><\/strong><\/a> , La Cabane \u00e0 Farine produit une large gamme de p\u00e2tes fermi\u00e8res et faites maison.\t\t\t\t\t<\/div>\n\t\t\t\t\t\t<\/div>\n\t\t\t\t<\/div>\n\t\t\t\t<div class=\"elementor-element elementor-element-b4fb198 elementor-align-left elementor-widget elementor-widget-button\" data-id=\"b4fb198\" data-element_type=\"widget\" data-widget_type=\"button.default\">\n\t\t\t\t<div class=\"elementor-widget-container\">\n\t\t\t\t\t<div class=\"elementor-button-wrapper\">\n\t\t\t<a href=\"https:\/\/old.la-cabane-a-farine.fr\/latelier-a-pates-2\/\" class=\"elementor-button-link elementor-button elementor-size-sm elementor-animation-shrink\" role=\"button\">\n\t\t\t\t\t\t<span class=\"elementor-button-content-wrapper\">\n\t\t\t\t\t\t<span class=\"elementor-button-icon elementor-align-icon-right\">\n\t\t\t\t<i aria-hidden=\"true\" class=\"fas fa-angle-double-right\"><\/i>\t\t\t<\/span>\n\t\t\t\t\t\t<span class=\"elementor-button-text\">en savoir plus<\/span>\n\t\t<\/span>\n\t\t\t\t\t<\/a>\n\t\t<\/div>\n\t\t\t\t<\/div>\n\t\t\t\t<\/div>\n\t\t\t\t\t\t<\/div>\n\t\t\t\t\t<\/div>\n\t\t<\/div>\n\t\t\t\t<div class=\"elementor-column elementor-col-50 elementor-top-column elementor-element elementor-element-21f5e90\" data-id=\"21f5e90\" data-element_type=\"column\">\n\t\t\t<div class=\"elementor-column-wrap elementor-element-populated\">\n\t\t\t\t\t\t\t<div class=\"elementor-widget-wrap\">\n\t\t\t\t\t\t<div class=\"elementor-element elementor-element-25416d6 elementor-widget elementor-widget-image\" data-id=\"25416d6\" data-element_type=\"widget\" data-widget_type=\"image.default\">\n\t\t\t\t<div class=\"elementor-widget-container\">\n\t\t\t\t\t\t\t\t<div class=\"elementor-image\">\n\t\t\t\t\t\t\t\t\t\t\t\t<img width=\"720\" height=\"960\" src=\"https:\/\/old.la-cabane-a-farine.fr\/wp-content\/uploads\/2022\/06\/Photos-pates.jpg\" class=\"attachment-large size-large\" alt=\"\" srcset=\"https:\/\/old.la-cabane-a-farine.fr\/wp-content\/uploads\/2022\/06\/Photos-pates.jpg 720w, https:\/\/old.la-cabane-a-farine.fr\/wp-content\/uploads\/2022\/06\/Photos-pates-600x800.jpg 600w, https:\/\/old.la-cabane-a-farine.fr\/wp-content\/uploads\/2022\/06\/Photos-pates-225x300.jpg 225w\" sizes=\"(max-width: 720px) 100vw, 720px\" \/>\t\t\t\t\t\t\t\t\t\t\t\t\t\t<\/div>\n\t\t\t\t\t\t<\/div>\n\t\t\t\t<\/div>\n\t\t\t\t\t\t<\/div>\n\t\t\t\t\t<\/div>\n\t\t<\/div>\n\t\t\t\t\t\t\t\t<\/div>\n\t\t\t\t\t<\/div>\n\t\t<\/section>\n\t\t\t\t<section class=\"elementor-section elementor-top-section elementor-element elementor-element-9f69474 elementor-section-stretched elementor-section-content-middle elementor-section-height-min-height elementor-reverse-mobile elementor-section-boxed elementor-section-height-default elementor-section-items-middle wpr-particle-no wpr-jarallax-no wpr-parallax-no wpr-sticky-section-no\" data-id=\"9f69474\" data-element_type=\"section\" data-settings=\"{&quot;stretch_section&quot;:&quot;section-stretched&quot;,&quot;background_background&quot;:&quot;classic&quot;}\">\n\t\t\t\t\t\t<div class=\"elementor-container elementor-column-gap-default\">\n\t\t\t\t\t\t\t<div class=\"elementor-row\">\n\t\t\t\t\t<div class=\"elementor-column elementor-col-50 elementor-top-column elementor-element elementor-element-fe3e6e6\" data-id=\"fe3e6e6\" data-element_type=\"column\">\n\t\t\t<div class=\"elementor-column-wrap elementor-element-populated\">\n\t\t\t\t\t\t\t<div class=\"elementor-widget-wrap\">\n\t\t\t\t\t\t<div class=\"elementor-element elementor-element-5fcaba7 elementor-widget elementor-widget-image\" data-id=\"5fcaba7\" data-element_type=\"widget\" data-widget_type=\"image.default\">\n\t\t\t\t<div class=\"elementor-widget-container\">\n\t\t\t\t\t\t\t\t<div class=\"elementor-image\">\n\t\t\t\t\t\t\t\t\t\t\t\t<img width=\"750\" height=\"563\" src=\"https:\/\/old.la-cabane-a-farine.fr\/wp-content\/uploads\/2022\/05\/Four-a-pain-1024x768.jpg\" class=\"attachment-large size-large\" alt=\"\" srcset=\"https:\/\/old.la-cabane-a-farine.fr\/wp-content\/uploads\/2022\/05\/Four-a-pain-1024x768.jpg 1024w, https:\/\/old.la-cabane-a-farine.fr\/wp-content\/uploads\/2022\/05\/Four-a-pain-600x450.jpg 600w, https:\/\/old.la-cabane-a-farine.fr\/wp-content\/uploads\/2022\/05\/Four-a-pain-300x225.jpg 300w, https:\/\/old.la-cabane-a-farine.fr\/wp-content\/uploads\/2022\/05\/Four-a-pain-768x576.jpg 768w, https:\/\/old.la-cabane-a-farine.fr\/wp-content\/uploads\/2022\/05\/Four-a-pain-1320x990.jpg 1320w, https:\/\/old.la-cabane-a-farine.fr\/wp-content\/uploads\/2022\/05\/Four-a-pain.jpg 1440w\" sizes=\"(max-width: 750px) 100vw, 750px\" \/>\t\t\t\t\t\t\t\t\t\t\t\t\t\t<\/div>\n\t\t\t\t\t\t<\/div>\n\t\t\t\t<\/div>\n\t\t\t\t\t\t<\/div>\n\t\t\t\t\t<\/div>\n\t\t<\/div>\n\t\t\t\t<div class=\"elementor-column elementor-col-50 elementor-top-column elementor-element elementor-element-404173c\" data-id=\"404173c\" data-element_type=\"column\" data-settings=\"{&quot;background_background&quot;:&quot;classic&quot;}\">\n\t\t\t<div class=\"elementor-column-wrap elementor-element-populated\">\n\t\t\t\t\t\t\t<div class=\"elementor-widget-wrap\">\n\t\t\t\t\t\t<div class=\"elementor-element elementor-element-1892a60 elementor-invisible elementor-widget elementor-widget-heading\" data-id=\"1892a60\" data-element_type=\"widget\" data-settings=\"{&quot;_animation&quot;:&quot;fadeInDown&quot;}\" data-widget_type=\"heading.default\">\n\t\t\t\t<div class=\"elementor-widget-container\">\n\t\t\t<h2 class=\"elementor-heading-title elementor-size-default\">L'atelier \u00e0 pain<\/h2>\t\t<\/div>\n\t\t\t\t<\/div>\n\t\t\t\t<div class=\"elementor-element elementor-element-168b529 elementor-widget-divider--view-line elementor-widget elementor-widget-divider\" data-id=\"168b529\" data-element_type=\"widget\" data-widget_type=\"divider.default\">\n\t\t\t\t<div class=\"elementor-widget-container\">\n\t\t\t\t\t<div class=\"elementor-divider\">\n\t\t\t<span class=\"elementor-divider-separator\">\n\t\t\t\t\t\t<\/span>\n\t\t<\/div>\n\t\t\t\t<\/div>\n\t\t\t\t<\/div>\n\t\t\t\t<div class=\"elementor-element elementor-element-3cfff46 elementor-widget elementor-widget-text-editor\" data-id=\"3cfff46\" data-element_type=\"widget\" data-widget_type=\"text-editor.default\">\n\t\t\t\t<div class=\"elementor-widget-container\">\n\t\t\t\t\t\t\t\t<div class=\"elementor-text-editor elementor-clearfix\">\n\t\t\t\t<p>La Cabane \u00e0 Farine, c\u2019est aussi un <a href=\"https:\/\/old.la-cabane-a-farine.fr\/latelier-a-pain\/\" target=\"_blank\" rel=\"noopener\"><strong>atelier \u00e0 pain\u00a0<\/strong><\/a> qui vous propose un d\u00e9licieux pain en vente \u00e0 la ferme, tous les mardis apr\u00e8s-midi de 16h00 \u00e0 18h30 (<a href=\"https:\/\/old.la-cabane-a-farine.fr\/contact\/\" target=\"_blank\" rel=\"noopener\">uniquement sur r\u00e9servation<\/a>).<\/p>\t\t\t\t\t<\/div>\n\t\t\t\t\t\t<\/div>\n\t\t\t\t<\/div>\n\t\t\t\t<div class=\"elementor-element elementor-element-695fd28 elementor-align-left elementor-widget elementor-widget-button\" data-id=\"695fd28\" data-element_type=\"widget\" data-widget_type=\"button.default\">\n\t\t\t\t<div class=\"elementor-widget-container\">\n\t\t\t\t\t<div class=\"elementor-button-wrapper\">\n\t\t\t<a href=\"https:\/\/old.la-cabane-a-farine.fr\/latelier-a-pain\/\" class=\"elementor-button-link elementor-button elementor-size-sm elementor-animation-shrink\" role=\"button\">\n\t\t\t\t\t\t<span class=\"elementor-button-content-wrapper\">\n\t\t\t\t\t\t<span class=\"elementor-button-icon elementor-align-icon-right\">\n\t\t\t\t<i aria-hidden=\"true\" class=\"fas fa-angle-double-right\"><\/i>\t\t\t<\/span>\n\t\t\t\t\t\t<span class=\"elementor-button-text\">en savoir plus<\/span>\n\t\t<\/span>\n\t\t\t\t\t<\/a>\n\t\t<\/div>\n\t\t\t\t<\/div>\n\t\t\t\t<\/div>\n\t\t\t\t\t\t<\/div>\n\t\t\t\t\t<\/div>\n\t\t<\/div>\n\t\t\t\t\t\t\t\t<\/div>\n\t\t\t\t\t<\/div>\n\t\t<\/section>\n\t\t\t\t\t\t<\/div>\n\t\t\t\t\t\t<\/div>\n\t\t\t\t\t<\/div>\n\t\t","protected":false},"excerpt":{"rendered":"<p>Culture et transformation du bl\u00e9 en Alsace Des champs \u00e0 l&#8217;assiette Contactez-nous NOS PRODUITS SONT DISPONIBLES POUR LES PARTICULIERS\u00a0ET LES PROFESSIONNELS Moulin \u00e0 farine dans le Haut-Rhin en Alsace Depuis plusieurs g\u00e9n\u00e9rations l\u2019exploitation familiale cultive des c\u00e9r\u00e9ales, en rotation culturale sur 46 hectares de terres (bl\u00e9 (bl\u00e9 tendre et bl\u00e9<\/p>\n","protected":false},"author":27,"featured_media":1571,"parent":0,"menu_order":0,"comment_status":"closed","ping_status":"closed","template":"templates\/builder-fullwidth-std.php","meta":[],"acf":[],"aioseo_notices":[],"_links":{"self":[{"href":"https:\/\/old.la-cabane-a-farine.fr\/nov-apijson\/wp\/v2\/pages\/1615"}],"collection":[{"href":"https:\/\/old.la-cabane-a-farine.fr\/nov-apijson\/wp\/v2\/pages"}],"about":[{"href":"https:\/\/old.la-cabane-a-farine.fr\/nov-apijson\/wp\/v2\/types\/page"}],"author":[{"embeddable":true,"href":"https:\/\/old.la-cabane-a-farine.fr\/nov-apijson\/wp\/v2\/users\/27"}],"replies":[{"embeddable":true,"href":"https:\/\/old.la-cabane-a-farine.fr\/nov-apijson\/wp\/v2\/comments?post=1615"}],"version-history":[{"count":277,"href":"https:\/\/old.la-cabane-a-farine.fr\/nov-apijson\/wp\/v2\/pages\/1615\/revisions"}],"predecessor-version":[{"id":3589,"href":"https:\/\/old.la-cabane-a-farine.fr\/nov-apijson\/wp\/v2\/pages\/1615\/revisions\/3589"}],"wp:featuredmedia":[{"embeddable":true,"href":"https:\/\/old.la-cabane-a-farine.fr\/nov-apijson\/wp\/v2\/media\/1571"}],"wp:attachment":[{"href":"https:\/\/old.la-cabane-a-farine.fr\/nov-apijson\/wp\/v2\/media?parent=1615"}],"curies":[{"name":"wp","href":"https:\/\/api.w.org\/{rel}","templated":true}]}}